{"id":1636,"date":"2023-11-23T11:05:42","date_gmt":"2023-11-23T10:05:42","guid":{"rendered":"https:\/\/www.campinglessapinsdecorreze.com\/surrounding\/"},"modified":"2026-03-19T15:16:57","modified_gmt":"2026-03-19T14:16:57","slug":"correze-tourism","status":"publish","type":"page","link":"https:\/\/www.campinglessapinsdecorreze.com\/en\/correze-tourism","title":{"rendered":"Tourism in Corr\u00e8ze"},"content":{"rendered":"\t\t<div data-elementor-type=\"wp-page\" data-elementor-id=\"1636\" class=\"elementor elementor-1636 elementor-16\" data-elementor-post-type=\"page\">\n\t\t\t\t<div class=\"elementor-element elementor-element-3af01dad e-flex e-con-boxed e-con e-parent\" data-id=\"3af01dad\" data-element_type=\"container\" data-e-type=\"container\" data-settings=\"{&quot;background_background&quot;:&quot;classic&quot;}\">\n\t\t\t\t\t<div class=\"e-con-inner\">\n\t\t<div class=\"elementor-element elementor-element-4fd0041a e-con-full e-flex e-con e-child\" data-id=\"4fd0041a\" data-element_type=\"container\" data-e-type=\"container\">\n\t\t\t\t<div class=\"elementor-element elementor-element-48429a2f elementor-invisible elementor-widget elementor-widget-image\" data-id=\"48429a2f\" data-element_type=\"widget\" data-e-type=\"widget\" data-settings=\"{&quot;_animation&quot;:&quot;fadeInDown&quot;}\" data-widget_type=\"image.default\">\n\t\t\t\t<div class=\"elementor-widget-container\">\n\t\t\t\t\t\t\t\t\t\t\t\t\t\t\t<img fetchpriority=\"high\" decoding=\"async\" width=\"1920\" height=\"1439\" src=\"https:\/\/www.campinglessapinsdecorreze.com\/wp-content\/uploads\/2026\/02\/DJI_0046jpg-1920px.JPG\" class=\"attachment-full size-full wp-image-5200\" alt=\"Randonner dans une nature sauvage au Camping les Sapins de Corr\u00e8ze\" srcset=\"https:\/\/www.campinglessapinsdecorreze.com\/wp-content\/uploads\/2026\/02\/DJI_0046jpg-1920px.JPG 1920w, https:\/\/www.campinglessapinsdecorreze.com\/wp-content\/uploads\/2026\/02\/DJI_0046jpg-1920px-800x600.jpg 800w, https:\/\/www.campinglessapinsdecorreze.com\/wp-content\/uploads\/2026\/02\/DJI_0046jpg-1920px-1025x768.jpg 1025w, https:\/\/www.campinglessapinsdecorreze.com\/wp-content\/uploads\/2026\/02\/DJI_0046jpg-1920px-768x576.jpg 768w, https:\/\/www.campinglessapinsdecorreze.com\/wp-content\/uploads\/2026\/02\/DJI_0046jpg-1920px-1536x1151.jpg 1536w\" sizes=\"(max-width: 1920px) 100vw, 1920px\" title=\"DJI_0046jpg-1920px | Camping les sapins de corr\u00e8ze\" \/>\t\t\t\t\t\t\t\t\t\t\t\t\t\t\t<\/div>\n\t\t\t\t<\/div>\n\t\t\t\t<div class=\"elementor-element elementor-element-64c045b4 elementor-invisible elementor-widget elementor-widget-image\" data-id=\"64c045b4\" data-element_type=\"widget\" data-e-type=\"widget\" data-settings=\"{&quot;_animation&quot;:&quot;fadeInLeft&quot;}\" data-widget_type=\"image.default\">\n\t\t\t\t<div class=\"elementor-widget-container\">\n\t\t\t\t\t\t\t\t\t\t\t\t\t\t\t<img decoding=\"async\" width=\"480\" height=\"480\" src=\"https:\/\/www.campinglessapinsdecorreze.com\/wp-content\/uploads\/2024\/01\/Ussel-JM-2017.jpg-1200px-480x480.jpg\" class=\"attachment-thumbnail size-thumbnail wp-image-1938\" alt=\"Villages et boutiques de caract\u00e8re\" title=\"Ussel-JM-2017.jpg-1200px | Camping les sapins de corr\u00e8ze\" \/>\t\t\t\t\t\t\t\t\t\t\t\t\t\t\t<\/div>\n\t\t\t\t<\/div>\n\t\t\t\t<\/div>\n\t\t<div class=\"elementor-element elementor-element-63e5db82 e-con-full e-flex e-con e-child\" data-id=\"63e5db82\" data-element_type=\"container\" data-e-type=\"container\">\n\t\t\t\t<div class=\"elementor-element elementor-element-46a5cbeb elementor-widget elementor-widget-heading\" data-id=\"46a5cbeb\" data-element_type=\"widget\" data-e-type=\"widget\" data-widget_type=\"heading.default\">\n\t\t\t\t<div class=\"elementor-widget-container\">\n\t\t\t\t\t<h1 class=\"elementor-heading-title elementor-size-default\">Tourism in Corr\u00e8ze<br><b class=\"text-primary\">Nature breaks in Haute-Corr\u00e8ze<\/b><\/h1>\t\t\t\t<\/div>\n\t\t\t\t<\/div>\n\t\t\t\t<div class=\"elementor-element elementor-element-74239905 elementor-widget elementor-widget-text-editor\" data-id=\"74239905\" data-element_type=\"widget\" data-e-type=\"widget\" data-widget_type=\"text-editor.default\">\n\t\t\t\t<div class=\"elementor-widget-container\">\n\t\t\t\t\t\t\t\t\t<p><strong>Want to discover tourism in Corr\u00e8ze? <\/strong>Are you looking for <strong>a nature getaway<\/strong> amidst forests, lakes, and charming villages? Head to <strong>Haute-Corr\u00e8ze!<\/strong> Our small campsite is the perfect starting point for your nature-filled weekends and holidays, ideal for exploring the <strong>Millevaches Regional Natural Park<\/strong>\u2014a recognized <strong>International Dark Sky Reserve<\/strong>\u2014and <strong>the Dordogne Gorges<\/strong>, a <strong>UNESCO Biosphere Reserve<\/strong>. Ready to recharge? <\/p>\t\t\t\t\t\t\t\t<\/div>\n\t\t\t\t<\/div>\n\t\t\t\t<div class=\"elementor-element elementor-element-123dff73 elementor-widget elementor-widget-text-editor\" data-id=\"123dff73\" data-element_type=\"widget\" data-e-type=\"widget\" data-widget_type=\"text-editor.default\">\n\t\t\t\t<div class=\"elementor-widget-container\">\n\t\t\t\t\t\t\t\t\t<p>Our small campsite is located <strong>in the heart of Haute-Corr\u00e8ze, a territory at the gateway to Auvergne<\/strong>. <\/p><p>An ideal destination for <strong>hiking <\/strong>and <strong>cycling<\/strong>, allowing you to discover the heritage and natural treasures of our beautiful, unspoiled region, far from overtourism. Numerous<strong> lakes and <\/strong><strong>waterfalls are located near the campsite,<\/strong> perfect for <strong>swimming <\/strong>and <strong>fishing<\/strong>. <\/p><p>In Corr\u00e8ze, holidays could be relaxing or sporty, <strong>on land or marine or even in the air, you have the choice<\/strong>! With kids, friends, family, solo or in couple you will find happiness.<\/p>\t\t\t\t\t\t\t\t<\/div>\n\t\t\t\t<\/div>\n\t\t\t\t<div class=\"elementor-element elementor-element-13b779d5 elementor-button-info elementor-widget elementor-widget-button\" data-id=\"13b779d5\" data-element_type=\"widget\" data-e-type=\"widget\" data-widget_type=\"button.default\">\n\t\t\t\t<div class=\"elementor-widget-container\">\n\t\t\t\t\t\t\t\t\t<div class=\"elementor-button-wrapper\">\n\t\t\t\t\t<a class=\"elementor-button elementor-button-link elementor-size-md\" href=\"https:\/\/www.tourisme-hautecorreze.fr\/\" target=\"_blank\">\n\t\t\t\t\t\t<span class=\"elementor-button-content-wrapper\">\n\t\t\t\t\t\t\t\t\t<span class=\"elementor-button-text\">Tourism Office<\/span>\n\t\t\t\t\t<\/span>\n\t\t\t\t\t<\/a>\n\t\t\t\t<\/div>\n\t\t\t\t\t\t\t\t<\/div>\n\t\t\t\t<\/div>\n\t\t\t\t<div class=\"elementor-element elementor-element-8c3da01 elementor-widget elementor-widget-menu-anchor\" data-id=\"8c3da01\" data-element_type=\"widget\" data-e-type=\"widget\" data-widget_type=\"menu-anchor.default\">\n\t\t\t\t<div class=\"elementor-widget-container\">\n\t\t\t\t\t\t\t<div class=\"elementor-menu-anchor\" id=\"HikingTrailsandTrekking\"><\/div>\n\t\t\t\t\t\t<\/div>\n\t\t\t\t<\/div>\n\t\t\t\t<\/div>\n\t\t\t\t\t<\/div>\n\t\t\t\t<\/div>\n\t\t<div class=\"elementor-element elementor-element-2c02576 e-flex e-con-boxed e-con e-parent\" data-id=\"2c02576\" data-element_type=\"container\" data-e-type=\"container\" data-settings=\"{&quot;background_background&quot;:&quot;classic&quot;}\">\n\t\t\t\t\t<div class=\"e-con-inner\">\n\t\t<div class=\"elementor-element elementor-element-2f79f73 e-con-full e-flex e-con e-child\" data-id=\"2f79f73\" data-element_type=\"container\" data-e-type=\"container\">\n\t\t\t\t<div class=\"elementor-element elementor-element-af9f19f h3 elementor-widget elementor-widget-heading\" data-id=\"af9f19f\" data-element_type=\"widget\" data-e-type=\"widget\" data-widget_type=\"heading.default\">\n\t\t\t\t<div class=\"elementor-widget-container\">\n\t\t\t\t\t<h2 class=\"elementor-heading-title elementor-size-default\">Hiking holiday in Correze<\/h2>\t\t\t\t<\/div>\n\t\t\t\t<\/div>\n\t\t\t\t<div class=\"elementor-element elementor-element-6999ce4 elementor-widget elementor-widget-text-editor\" data-id=\"6999ce4\" data-element_type=\"widget\" data-e-type=\"widget\" data-widget_type=\"text-editor.default\">\n\t\t\t\t<div class=\"elementor-widget-container\">\n\t\t\t\t\t\t\t\t\t<p><strong>Our campsite, ideally located between the Millevaches Plateau and the Dordogne Gorges, is certainly the starting point for beautiful nature getaways in our nature bubble.<\/strong><\/p>\t\t\t\t\t\t\t\t<\/div>\n\t\t\t\t<\/div>\n\t\t\t\t<div class=\"elementor-element elementor-element-0d9655d elementor-widget elementor-widget-text-editor\" data-id=\"0d9655d\" data-element_type=\"widget\" data-e-type=\"widget\" data-widget_type=\"text-editor.default\">\n\t\t\t\t<div class=\"elementor-widget-container\">\n\t\t\t\t\t\t\t\t\t<p><strong>Hiking and camping holidays:<\/strong> <\/p><ul><li>Two hikes and several trails <strong>starting from the campsite<\/strong> for walking or taking the dogs out;<\/li><li><strong>Organised 6-day, 5-night hiking trips in 2026<\/strong> at the campsite (more details below):<\/li><li>Even more <strong>hikes within a 30 min radius max <\/strong>on <a href=\"https:\/\/rando-millevaches.fr\/en\" target=\"_blank\" rel=\"noopener\">Rando Millevaches<\/a><\/li><li><strong>Welcoming groups of hikers<\/strong> to the campsite with <a href=\"https:\/\/www.randonnee-limousin.fr\/les-accompagnateurs\">the Limousin Mountain Guides<\/a><\/li><\/ul><p><strong>Is hiking possible with children?<\/strong> Oh yes, and we&#8217;ll give you two tips :<\/p><ul><li><strong><a href=\"https:\/\/www.tourisme-hautecorreze.fr\/en\/venture-out\/geocaching-terra-aventura\/\" target=\"_blank\" rel=\"noopener\">Geocaching Terra Aventura<\/a><\/strong>, the perfect activity with children to get off the beaten track and indulge in a fun way with family or friends to discover the secrets of our territory!<strong> T\u00e8rra Aventura<\/strong> <strong>trails (9)<\/strong> in Haute-Corr\u00e8ze. Answer the riddles, let yourself be guided and find the treasure.<\/li><li>We also recommend<strong><a href=\"https:\/\/www.geocaching.com\/play\" target=\"_blank\" rel=\"noopener\">Geocaching<\/a><\/strong>, the global application for hiking with your children!<\/li><\/ul>\t\t\t\t\t\t\t\t<\/div>\n\t\t\t\t<\/div>\n\t\t\t\t<div class=\"elementor-element elementor-element-c4badfb elementor-widget elementor-widget-menu-anchor\" data-id=\"c4badfb\" data-element_type=\"widget\" data-e-type=\"widget\" data-widget_type=\"menu-anchor.default\">\n\t\t\t\t<div class=\"elementor-widget-container\">\n\t\t\t\t\t\t\t<div class=\"elementor-menu-anchor\" id=\"MountainBikeTrails\"><\/div>\n\t\t\t\t\t\t<\/div>\n\t\t\t\t<\/div>\n\t\t\t\t<\/div>\n\t\t<div class=\"elementor-element elementor-element-a94c940 e-con-full e-flex e-con e-child\" data-id=\"a94c940\" data-element_type=\"container\" data-e-type=\"container\">\n\t\t\t\t<div class=\"elementor-element elementor-element-5396504 elementor-invisible elementor-widget elementor-widget-image\" data-id=\"5396504\" data-element_type=\"widget\" data-e-type=\"widget\" data-settings=\"{&quot;_animation&quot;:&quot;fadeInRight&quot;}\" data-widget_type=\"image.default\">\n\t\t\t\t<div class=\"elementor-widget-container\">\n\t\t\t\t\t\t\t\t\t\t\t\t\t\t\t<img decoding=\"async\" width=\"2560\" height=\"2216\" src=\"https:\/\/www.campinglessapinsdecorreze.com\/wp-content\/uploads\/2024\/12\/Partir-avec-son-chien-en-vacances-scaled.jpg\" class=\"attachment-full size-full wp-image-3450\" alt=\"Partir avec son chien en vacances en Corr\u00e8ze\" srcset=\"https:\/\/www.campinglessapinsdecorreze.com\/wp-content\/uploads\/2024\/12\/Partir-avec-son-chien-en-vacances-scaled.jpg 2560w, https:\/\/www.campinglessapinsdecorreze.com\/wp-content\/uploads\/2024\/12\/Partir-avec-son-chien-en-vacances-693x600.jpg 693w, https:\/\/www.campinglessapinsdecorreze.com\/wp-content\/uploads\/2024\/12\/Partir-avec-son-chien-en-vacances-887x768.jpg 887w, https:\/\/www.campinglessapinsdecorreze.com\/wp-content\/uploads\/2024\/12\/Partir-avec-son-chien-en-vacances-768x665.jpg 768w, https:\/\/www.campinglessapinsdecorreze.com\/wp-content\/uploads\/2024\/12\/Partir-avec-son-chien-en-vacances-1536x1330.jpg 1536w, https:\/\/www.campinglessapinsdecorreze.com\/wp-content\/uploads\/2024\/12\/Partir-avec-son-chien-en-vacances-2048x1773.jpg 2048w\" sizes=\"(max-width: 2560px) 100vw, 2560px\" title=\"Partir avec son chien en vacances | Camping les sapins de corr\u00e8ze\" \/>\t\t\t\t\t\t\t\t\t\t\t\t\t\t\t<\/div>\n\t\t\t\t<\/div>\n\t\t<div class=\"elementor-element elementor-element-a0352e0 e-flex e-con-boxed e-con e-child\" data-id=\"a0352e0\" data-element_type=\"container\" data-e-type=\"container\" data-settings=\"{&quot;background_background&quot;:&quot;classic&quot;}\">\n\t\t\t\t\t<div class=\"e-con-inner\">\n\t\t\t\t<div class=\"elementor-element elementor-element-b79a107 elementor-widget elementor-widget-text-editor\" data-id=\"b79a107\" data-element_type=\"widget\" data-e-type=\"widget\" data-widget_type=\"text-editor.default\">\n\t\t\t\t<div class=\"elementor-widget-container\">\n\t\t\t\t\t\t\t\t\t<p><strong>Organised stay: 6 days\/ 5 nights &#8211; Hiking and disconnection stay in Haute-Corr\u00e8ze, between Millevaches Regional Natural Park and Dordogne Gorges, in a small friendly group. <\/strong><\/p>\t\t\t\t\t\t\t\t<\/div>\n\t\t\t\t<\/div>\n\t\t<div class=\"elementor-element elementor-element-c0abcc5 e-con-full e-flex e-con e-child\" data-id=\"c0abcc5\" data-element_type=\"container\" data-e-type=\"container\">\n\t\t\t\t<div class=\"elementor-element elementor-element-76856f1 elementor-widget__width-auto e-transform elementor-widget elementor-widget-button\" data-id=\"76856f1\" data-element_type=\"widget\" data-e-type=\"widget\" data-settings=\"{&quot;_transform_translateX_effect&quot;:{&quot;unit&quot;:&quot;px&quot;,&quot;size&quot;:24,&quot;sizes&quot;:[]},&quot;_transform_translateY_effect&quot;:{&quot;unit&quot;:&quot;px&quot;,&quot;size&quot;:0,&quot;sizes&quot;:[]},&quot;_transform_translateX_effect_tablet&quot;:{&quot;unit&quot;:&quot;px&quot;,&quot;size&quot;:&quot;&quot;,&quot;sizes&quot;:[]},&quot;_transform_translateX_effect_mobile&quot;:{&quot;unit&quot;:&quot;px&quot;,&quot;size&quot;:&quot;&quot;,&quot;sizes&quot;:[]},&quot;_transform_translateY_effect_tablet&quot;:{&quot;unit&quot;:&quot;px&quot;,&quot;size&quot;:&quot;&quot;,&quot;sizes&quot;:[]},&quot;_transform_translateY_effect_mobile&quot;:{&quot;unit&quot;:&quot;px&quot;,&quot;size&quot;:&quot;&quot;,&quot;sizes&quot;:[]}}\" data-widget_type=\"button.default\">\n\t\t\t\t<div class=\"elementor-widget-container\">\n\t\t\t\t\t\t\t\t\t<div class=\"elementor-button-wrapper\">\n\t\t\t\t\t<a class=\"elementor-button elementor-button-link elementor-size-md\" href=\"https:\/\/www.decathlontravel.com\/voyages\/sport-randonnee\/voyage-sejour-decouverte-de-la-haute-correze-en-randonnee\/GYEDMC\" target=\"_blank\">\n\t\t\t\t\t\t<span class=\"elementor-button-content-wrapper\">\n\t\t\t\t\t\t\t\t\t<span class=\"elementor-button-text\">Learn more - Book your hiking holiday via Decathlon Travel<\/span>\n\t\t\t\t\t<\/span>\n\t\t\t\t\t<\/a>\n\t\t\t\t<\/div>\n\t\t\t\t\t\t\t\t<\/div>\n\t\t\t\t<\/div>\n\t\t\t\t<\/div>\n\t\t\t\t<div class=\"elementor-element elementor-element-334fb28 elementor-widget elementor-widget-text-editor\" data-id=\"334fb28\" data-element_type=\"widget\" data-e-type=\"widget\" data-widget_type=\"text-editor.default\">\n\t\t\t\t<div class=\"elementor-widget-container\">\n\t\t\t\t\t\t\t\t\t<p><strong>Hiking holidays<\/strong> with guides, transport, meals, and all-inclusive tours.<\/p><p>Individual or group registration, groups of 10 to 20 people.<\/p><p><strong>Dates: May 24 to May 29, 2026 \/ June 14 to June 19, 2026 \/ August 30 to September 4, 2026<\/strong><\/p>\t\t\t\t\t\t\t\t<\/div>\n\t\t\t\t<\/div>\n\t\t\t\t\t<\/div>\n\t\t\t\t<\/div>\n\t\t\t\t<\/div>\n\t\t\t\t\t<\/div>\n\t\t\t\t<\/div>\n\t\t<div class=\"elementor-element elementor-element-afdacb8 e-flex e-con-boxed e-con e-parent\" data-id=\"afdacb8\" data-element_type=\"container\" data-e-type=\"container\">\n\t\t\t\t\t<div class=\"e-con-inner\">\n\t\t<div class=\"elementor-element elementor-element-416ba84 e-con-full e-flex e-con e-child\" data-id=\"416ba84\" data-element_type=\"container\" data-e-type=\"container\">\n\t\t\t\t<div class=\"elementor-element elementor-element-0efb141 e-transform elementor-invisible elementor-widget elementor-widget-image\" data-id=\"0efb141\" data-element_type=\"widget\" data-e-type=\"widget\" data-settings=\"{&quot;_animation&quot;:&quot;fadeInLeft&quot;,&quot;_transform_scale_effect&quot;:{&quot;unit&quot;:&quot;px&quot;,&quot;size&quot;:1,&quot;sizes&quot;:[]},&quot;_transform_scale_effect_tablet&quot;:{&quot;unit&quot;:&quot;px&quot;,&quot;size&quot;:&quot;&quot;,&quot;sizes&quot;:[]},&quot;_transform_scale_effect_mobile&quot;:{&quot;unit&quot;:&quot;px&quot;,&quot;size&quot;:&quot;&quot;,&quot;sizes&quot;:[]}}\" data-widget_type=\"image.default\">\n\t\t\t\t<div class=\"elementor-widget-container\">\n\t\t\t\t\t\t\t\t\t\t\t\t\t\t\t<img loading=\"lazy\" decoding=\"async\" width=\"1920\" height=\"1280\" src=\"https:\/\/www.campinglessapinsdecorreze.com\/wp-content\/uploads\/2026\/03\/VTTmillevaches-malika-turin-020jpg-1920px.JPG\" class=\"attachment-full size-full wp-image-5393\" alt=\"Circuits VTT entre amis ou en famille en Haute Corr\u00e8ze\" srcset=\"https:\/\/www.campinglessapinsdecorreze.com\/wp-content\/uploads\/2026\/03\/VTTmillevaches-malika-turin-020jpg-1920px.JPG 1920w, https:\/\/www.campinglessapinsdecorreze.com\/wp-content\/uploads\/2026\/03\/VTTmillevaches-malika-turin-020jpg-1920px-800x533.jpg 800w, https:\/\/www.campinglessapinsdecorreze.com\/wp-content\/uploads\/2026\/03\/VTTmillevaches-malika-turin-020jpg-1920px-1152x768.jpg 1152w, https:\/\/www.campinglessapinsdecorreze.com\/wp-content\/uploads\/2026\/03\/VTTmillevaches-malika-turin-020jpg-1920px-768x512.jpg 768w, https:\/\/www.campinglessapinsdecorreze.com\/wp-content\/uploads\/2026\/03\/VTTmillevaches-malika-turin-020jpg-1920px-1536x1024.jpg 1536w\" sizes=\"(max-width: 1920px) 100vw, 1920px\" title=\"Binary value suppressed | Camping les sapins de corr\u00e8ze\" \/>\t\t\t\t\t\t\t\t\t\t\t\t\t\t\t<\/div>\n\t\t\t\t<\/div>\n\t\t\t\t<div class=\"elementor-element elementor-element-be50b23 h3 elementor-widget elementor-widget-heading\" data-id=\"be50b23\" data-element_type=\"widget\" data-e-type=\"widget\" data-widget_type=\"heading.default\">\n\t\t\t\t<div class=\"elementor-widget-container\">\n\t\t\t\t\t<h2 class=\"elementor-heading-title elementor-size-default\">S\u00e9jour VTT :vos vacances sportives<\/h2>\t\t\t\t<\/div>\n\t\t\t\t<\/div>\n\t\t\t\t<\/div>\n\t\t<div class=\"elementor-element elementor-element-4c87f94 e-con-full elementor-hidden-tablet elementor-hidden-mobile e-flex e-con e-child\" data-id=\"4c87f94\" data-element_type=\"container\" data-e-type=\"container\">\n\t\t\t\t<div class=\"elementor-element elementor-element-7b04380 elementor-widget elementor-widget-image\" data-id=\"7b04380\" data-element_type=\"widget\" data-e-type=\"widget\" data-widget_type=\"image.default\">\n\t\t\t\t<div class=\"elementor-widget-container\">\n\t\t\t\t\t\t\t\t\t\t\t\t\t\t\t<img loading=\"lazy\" decoding=\"async\" width=\"250\" height=\"129\" src=\"https:\/\/www.campinglessapinsdecorreze.com\/wp-content\/uploads\/2023\/11\/etoiles.svg\" class=\"attachment-full size-full wp-image-1535\" alt=\"\" title=\"etoiles | Camping les sapins de corr\u00e8ze\" \/>\t\t\t\t\t\t\t\t\t\t\t\t\t\t\t<\/div>\n\t\t\t\t<\/div>\n\t\t\t\t<\/div>\n\t\t\t\t\t<\/div>\n\t\t\t\t<\/div>\n\t\t<div class=\"elementor-element elementor-element-27a4885 e-flex e-con-boxed e-con e-parent\" data-id=\"27a4885\" data-element_type=\"container\" data-e-type=\"container\">\n\t\t\t\t\t<div class=\"e-con-inner\">\n\t\t<div class=\"elementor-element elementor-element-d5acd02 e-con-full e-flex e-con e-child\" data-id=\"d5acd02\" data-element_type=\"container\" data-e-type=\"container\">\n\t\t\t\t<div class=\"elementor-element elementor-element-08fb0c2 elementor-widget elementor-widget-text-editor\" data-id=\"08fb0c2\" data-element_type=\"widget\" data-e-type=\"widget\" data-widget_type=\"text-editor.default\">\n\t\t\t\t<div class=\"elementor-widget-container\">\n\t\t\t\t\t\t\t\t\t<p><strong>With a wide range of cyclosportive circuits, get your fill of thrills ! Venture into the largest FFV\u00e9lo (French Cycling Federation) certified network in France, boasting over 1,000 km of marked circuits.<\/strong><\/p><p>Correze, a paradise for cyclists, offers hilly and varied routes.<\/p>\t\t\t\t\t\t\t\t<\/div>\n\t\t\t\t<\/div>\n\t\t\t\t<div class=\"elementor-element elementor-element-2696820 elementor-absolute e-transform elementor-widget elementor-widget-image\" data-id=\"2696820\" data-element_type=\"widget\" data-e-type=\"widget\" data-settings=\"{&quot;_position&quot;:&quot;absolute&quot;,&quot;_transform_translateX_effect&quot;:{&quot;unit&quot;:&quot;px&quot;,&quot;size&quot;:49,&quot;sizes&quot;:[]},&quot;_transform_translateX_effect_tablet&quot;:{&quot;unit&quot;:&quot;px&quot;,&quot;size&quot;:&quot;&quot;,&quot;sizes&quot;:[]},&quot;_transform_translateX_effect_mobile&quot;:{&quot;unit&quot;:&quot;px&quot;,&quot;size&quot;:&quot;&quot;,&quot;sizes&quot;:[]},&quot;_transform_translateY_effect&quot;:{&quot;unit&quot;:&quot;px&quot;,&quot;size&quot;:&quot;&quot;,&quot;sizes&quot;:[]},&quot;_transform_translateY_effect_tablet&quot;:{&quot;unit&quot;:&quot;px&quot;,&quot;size&quot;:&quot;&quot;,&quot;sizes&quot;:[]},&quot;_transform_translateY_effect_mobile&quot;:{&quot;unit&quot;:&quot;px&quot;,&quot;size&quot;:&quot;&quot;,&quot;sizes&quot;:[]}}\" data-widget_type=\"image.default\">\n\t\t\t\t<div class=\"elementor-widget-container\">\n\t\t\t\t\t\t\t\t\t\t\t\t\t\t\t\t<a href=\"https:\/\/www.francevelotourisme.com\/accueil-velo\" target=\"_blank\">\n\t\t\t\t\t\t\t<img loading=\"lazy\" decoding=\"async\" width=\"562\" height=\"838\" src=\"https:\/\/www.campinglessapinsdecorreze.com\/wp-content\/uploads\/2024\/11\/Accueil-velo-1-e1734344717891.jpg\" class=\"attachment-full size-full wp-image-3351\" alt=\"\" title=\"ACCUEILVELO-CMJN | Camping les sapins de corr\u00e8ze\" \/>\t\t\t\t\t\t\t\t<\/a>\n\t\t\t\t\t\t\t\t\t\t\t\t\t\t\t<\/div>\n\t\t\t\t<\/div>\n\t\t\t\t<div class=\"elementor-element elementor-element-cd71900 elementor-widget elementor-widget-text-editor\" data-id=\"cd71900\" data-element_type=\"widget\" data-e-type=\"widget\" data-widget_type=\"text-editor.default\">\n\t\t\t\t<div class=\"elementor-widget-container\">\n\t\t\t\t\t\t\t\t\t<p>Come and discover the <strong>Millevaches Regional Natural Park<\/strong> in a different way and flirt with the <strong>panoramic views<\/strong> that dot <strong>the Dordogne Valley.<\/strong> You can also choose to surpass yourself by gaining height at <strong>Mont Bessou<\/strong> and the <strong>Massif des Mon\u00e9di\u00e8res<\/strong>.<\/p><p>To ease your exploration and enhance your experience, each circuit comes with a technical presentation and points of interest along the way.<\/p>\t\t\t\t\t\t\t\t<\/div>\n\t\t\t\t<\/div>\n\t\t<div class=\"elementor-element elementor-element-69b2be2 e-flex e-con-boxed e-con e-child\" data-id=\"69b2be2\" data-element_type=\"container\" data-e-type=\"container\">\n\t\t\t\t\t<div class=\"e-con-inner\">\n\t\t\t\t<div class=\"elementor-element elementor-element-b75afbd elementor-button-info elementor-widget__width-auto elementor-widget elementor-widget-button\" data-id=\"b75afbd\" data-element_type=\"widget\" data-e-type=\"widget\" data-widget_type=\"button.default\">\n\t\t\t\t<div class=\"elementor-widget-container\">\n\t\t\t\t\t\t\t\t\t<div class=\"elementor-button-wrapper\">\n\t\t\t\t\t<a class=\"elementor-button elementor-button-link elementor-size-md\" href=\"https:\/\/www.correzerando.com\/Velo\" target=\"_blank\">\n\t\t\t\t\t\t<span class=\"elementor-button-content-wrapper\">\n\t\t\t\t\t\t\t\t\t<span class=\"elementor-button-text\">Mountain bike circuits - Cyclo route - Corr\u00e8ze Tourism -<\/span>\n\t\t\t\t\t<\/span>\n\t\t\t\t\t<\/a>\n\t\t\t\t<\/div>\n\t\t\t\t\t\t\t\t<\/div>\n\t\t\t\t<\/div>\n\t\t\t\t<div class=\"elementor-element elementor-element-cd3345a elementor-button-info elementor-widget elementor-widget-button\" data-id=\"cd3345a\" data-element_type=\"widget\" data-e-type=\"widget\" data-widget_type=\"button.default\">\n\t\t\t\t<div class=\"elementor-widget-container\">\n\t\t\t\t\t\t\t\t\t<div class=\"elementor-button-wrapper\">\n\t\t\t\t\t<a class=\"elementor-button elementor-button-link elementor-size-md\" href=\"https:\/\/www.correze.fr\/velo\" target=\"_blank\">\n\t\t\t\t\t\t<span class=\"elementor-button-content-wrapper\">\n\t\t\t\t\t\t\t\t\t<span class=\"elementor-button-text\">Mountain bike routes - Corr\u00e8ze the Department<\/span>\n\t\t\t\t\t<\/span>\n\t\t\t\t\t<\/a>\n\t\t\t\t<\/div>\n\t\t\t\t\t\t\t\t<\/div>\n\t\t\t\t<\/div>\n\t\t\t\t\t<\/div>\n\t\t\t\t<\/div>\n\t\t\t\t<\/div>\n\t\t<div class=\"elementor-element elementor-element-ecf3e13 e-con-full e-transform e-flex e-con e-child\" data-id=\"ecf3e13\" data-element_type=\"container\" data-e-type=\"container\" data-settings=\"{&quot;_transform_translateY_effect&quot;:{&quot;unit&quot;:&quot;px&quot;,&quot;size&quot;:-61,&quot;sizes&quot;:[]},&quot;_transform_translateY_effect_mobile&quot;:{&quot;unit&quot;:&quot;px&quot;,&quot;size&quot;:0,&quot;sizes&quot;:[]},&quot;_transform_translateX_effect&quot;:{&quot;unit&quot;:&quot;px&quot;,&quot;size&quot;:&quot;&quot;,&quot;sizes&quot;:[]},&quot;_transform_translateX_effect_tablet&quot;:{&quot;unit&quot;:&quot;px&quot;,&quot;size&quot;:&quot;&quot;,&quot;sizes&quot;:[]},&quot;_transform_translateX_effect_mobile&quot;:{&quot;unit&quot;:&quot;px&quot;,&quot;size&quot;:&quot;&quot;,&quot;sizes&quot;:[]},&quot;_transform_translateY_effect_tablet&quot;:{&quot;unit&quot;:&quot;px&quot;,&quot;size&quot;:&quot;&quot;,&quot;sizes&quot;:[]}}\">\n\t\t\t\t<div class=\"elementor-element elementor-element-24c4994 elementor-widget elementor-widget-text-editor\" data-id=\"24c4994\" data-element_type=\"widget\" data-e-type=\"widget\" data-widget_type=\"text-editor.default\">\n\t\t\t\t<div class=\"elementor-widget-container\">\n\t\t\t\t\t\t\t\t\t<p>The campsite has become <strong>\u201cBike Welcome\u201d<\/strong>. <span style=\"text-decoration: underline;\"><span style=\"color: #ffffff;\"> <a style=\"color: #ffffff; text-decoration: underline;\" href=\"https:\/\/www.campinglessapinsdecorreze.com\/en\/the-campsite#vtt\">Find out more?<\/a><\/span><\/span><\/p><p>Routes from the campsite (documentation on site):<\/p><ul><li><strong>5<\/strong> Family and Sporting Trails: <strong>12km <\/strong>\/ <strong>18km <\/strong>\/ <strong>52km <\/strong>\/ <strong>40km <\/strong>\/ <strong>58km<\/strong><\/li><li><strong>2-day mountain biking trip<\/strong>: ideal for your sporty weekends<\/li><\/ul><p>A little aside with \u201c<strong>LA CORR\u00c9ZIENNE VTT<\/strong>\u201d:<br>With La Corr\u00e9zienne VTT, take a tour of Corr\u00e8ze to visit the local heritage, both natural and cultural.<\/p><p><em class=\"small\">The campsite is present as a stopover in sectors 21 and 22.<\/em><\/p>\t\t\t\t\t\t\t\t<\/div>\n\t\t\t\t<\/div>\n\t\t<div class=\"elementor-element elementor-element-a98b664 e-flex e-con-boxed e-con e-child\" data-id=\"a98b664\" data-element_type=\"container\" data-e-type=\"container\">\n\t\t\t\t\t<div class=\"e-con-inner\">\n\t\t\t\t<div class=\"elementor-element elementor-element-6d83323 elementor-widget elementor-widget-button\" data-id=\"6d83323\" data-element_type=\"widget\" data-e-type=\"widget\" data-widget_type=\"button.default\">\n\t\t\t\t<div class=\"elementor-widget-container\">\n\t\t\t\t\t\t\t\t\t<div class=\"elementor-button-wrapper\">\n\t\t\t\t\t<a class=\"elementor-button elementor-button-link elementor-size-md\" href=\"https:\/\/www.correzerando.com\/Velo\/VTT\/La-Correzienne-VTT\" target=\"_blank\">\n\t\t\t\t\t\t<span class=\"elementor-button-content-wrapper\">\n\t\t\t\t\t\t\t\t\t<span class=\"elementor-button-text\">La Corr\u00e9zienne VTT<\/span>\n\t\t\t\t\t<\/span>\n\t\t\t\t\t<\/a>\n\t\t\t\t<\/div>\n\t\t\t\t\t\t\t\t<\/div>\n\t\t\t\t<\/div>\n\t\t\t\t<div class=\"elementor-element elementor-element-a113fe2 elementor-widget elementor-widget-button\" data-id=\"a113fe2\" data-element_type=\"widget\" data-e-type=\"widget\" data-widget_type=\"button.default\">\n\t\t\t\t<div class=\"elementor-widget-container\">\n\t\t\t\t\t\t\t\t\t<div class=\"elementor-button-wrapper\">\n\t\t\t\t\t<a class=\"elementor-button elementor-button-link elementor-size-md\" href=\"https:\/\/www.decathlontravel.com\/voyages\/sport-vtt\/voyage-escapade-VTT-sur-les-sentiers-de-Haute-Correze\/GQQIHC\" target=\"_blank\">\n\t\t\t\t\t\t<span class=\"elementor-button-content-wrapper\">\n\t\t\t\t\t\t\t\t\t<span class=\"elementor-button-text\">Mountain biking holiday at Decathlon Travel<\/span>\n\t\t\t\t\t<\/span>\n\t\t\t\t\t<\/a>\n\t\t\t\t<\/div>\n\t\t\t\t\t\t\t\t<\/div>\n\t\t\t\t<\/div>\n\t\t\t\t\t<\/div>\n\t\t\t\t<\/div>\n\t\t\t\t<div class=\"elementor-element elementor-element-fec9dc0 elementor-widget elementor-widget-menu-anchor\" data-id=\"fec9dc0\" data-element_type=\"widget\" data-e-type=\"widget\" data-widget_type=\"menu-anchor.default\">\n\t\t\t\t<div class=\"elementor-widget-container\">\n\t\t\t\t\t\t\t<div class=\"elementor-menu-anchor\" id=\"Lakes\"><\/div>\n\t\t\t\t\t\t<\/div>\n\t\t\t\t<\/div>\n\t\t\t\t<\/div>\n\t\t\t\t\t<\/div>\n\t\t\t\t<\/div>\n\t\t<div class=\"elementor-element elementor-element-f6a224b e-flex e-con-boxed e-con e-parent\" data-id=\"f6a224b\" data-element_type=\"container\" data-e-type=\"container\" data-settings=\"{&quot;background_background&quot;:&quot;classic&quot;}\">\n\t\t\t\t\t<div class=\"e-con-inner\">\n\t\t<div class=\"elementor-element elementor-element-97c12a9 e-con-full e-flex e-con e-child\" data-id=\"97c12a9\" data-element_type=\"container\" data-e-type=\"container\">\n\t\t\t\t<div class=\"elementor-element elementor-element-f03ae09 elementor-widget__width-auto h3 elementor-widget elementor-widget-heading\" data-id=\"f03ae09\" data-element_type=\"widget\" data-e-type=\"widget\" data-widget_type=\"heading.default\">\n\t\t\t\t<div class=\"elementor-widget-container\">\n\t\t\t\t\t<h2 class=\"elementor-heading-title elementor-size-default\">Lakes and waterfalls: nature activities for your holidays in Corr\u00e8ze<\/h2>\t\t\t\t<\/div>\n\t\t\t\t<\/div>\n\t\t\t\t<div class=\"elementor-element elementor-element-77c9b34 elementor-widget elementor-widget-text-editor\" data-id=\"77c9b34\" data-element_type=\"widget\" data-e-type=\"widget\" data-widget_type=\"text-editor.default\">\n\t\t\t\t<div class=\"elementor-widget-container\">\n\t\t\t\t\t\t\t\t\t<p><strong>Along the shores of lakes, swim in our Blue Flag (Pavillon Bleu) certified waters. The campsite is situated at the crossroads of several lakes:<\/strong><\/p>\t\t\t\t\t\t\t\t<\/div>\n\t\t\t\t<\/div>\n\t\t\t\t<div class=\"elementor-element elementor-element-c7d11bd elementor-widget elementor-widget-heading\" data-id=\"c7d11bd\" data-element_type=\"widget\" data-e-type=\"widget\" data-widget_type=\"heading.default\">\n\t\t\t\t<div class=\"elementor-widget-container\">\n\t\t\t\t\t<h3 class=\"elementor-heading-title elementor-size-default\">Lake Neuvic is 10 minutes away&nbsp;:<\/h3>\t\t\t\t<\/div>\n\t\t\t\t<\/div>\n\t\t\t\t<div class=\"elementor-element elementor-element-3492d52 elementor-widget elementor-widget-text-editor\" data-id=\"3492d52\" data-element_type=\"widget\" data-e-type=\"widget\" data-widget_type=\"text-editor.default\">\n\t\t\t\t<div class=\"elementor-widget-container\">\n\t\t\t\t\t\t\t\t\t<p>Supervised swimming from July 1st to August 31st, from 12 pm to 7 pm every day.<\/p><p>The lake offers a large range of activities through its nautical base: <strong>sailing, windsurfing, water skiing, jet skiing, pedal boats, stand-up paddleboarding, canoeing, motor boating, fishing, volleyball courts, and more.<\/strong><\/p><p><strong>Adapted for people with reduced mobility and certified &#8220;handiplage,&#8221;<\/strong> the beach also features a water-accessible floating wheelchair.<\/p>\t\t\t\t\t\t\t\t<\/div>\n\t\t\t\t<\/div>\n\t\t\t\t<div class=\"elementor-element elementor-element-76e70f9 elementor-widget elementor-widget-button\" data-id=\"76e70f9\" data-element_type=\"widget\" data-e-type=\"widget\" data-widget_type=\"button.default\">\n\t\t\t\t<div class=\"elementor-widget-container\">\n\t\t\t\t\t\t\t\t\t<div class=\"elementor-button-wrapper\">\n\t\t\t\t\t<a class=\"elementor-button elementor-button-link elementor-size-md\" href=\"https:\/\/www.tourisme-hautecorreze.fr\/sites-naturels\/lac-de-la-triouzoune\/\" target=\"_blank\">\n\t\t\t\t\t\t<span class=\"elementor-button-content-wrapper\">\n\t\t\t\t\t\t\t\t\t<span class=\"elementor-button-text\">See more<\/span>\n\t\t\t\t\t<\/span>\n\t\t\t\t\t<\/a>\n\t\t\t\t<\/div>\n\t\t\t\t\t\t\t\t<\/div>\n\t\t\t\t<\/div>\n\t\t\t\t<div class=\"elementor-element elementor-element-6d84d3e elementor-widget elementor-widget-heading\" data-id=\"6d84d3e\" data-element_type=\"widget\" data-e-type=\"widget\" data-widget_type=\"heading.default\">\n\t\t\t\t<div class=\"elementor-widget-container\">\n\t\t\t\t\t<h3 class=\"elementor-heading-title elementor-size-default\">LAKE D'EGLETONS, ALSO KNOWN AS LAKE DU DEIRO, 15MIN AWAY&nbsp;:<\/h3>\t\t\t\t<\/div>\n\t\t\t\t<\/div>\n\t\t\t\t<div class=\"elementor-element elementor-element-ba63130 elementor-widget elementor-widget-text-editor\" data-id=\"ba63130\" data-element_type=\"widget\" data-e-type=\"widget\" data-widget_type=\"text-editor.default\">\n\t\t\t\t<div class=\"elementor-widget-container\">\n\t\t\t\t\t\t\t\t\t<p>Supervised swimming in July and August, open all year round.<\/p>\t\t\t\t\t\t\t\t<\/div>\n\t\t\t\t<\/div>\n\t\t\t\t<div class=\"elementor-element elementor-element-e39477b elementor-widget elementor-widget-button\" data-id=\"e39477b\" data-element_type=\"widget\" data-e-type=\"widget\" data-widget_type=\"button.default\">\n\t\t\t\t<div class=\"elementor-widget-container\">\n\t\t\t\t\t\t\t\t\t<div class=\"elementor-button-wrapper\">\n\t\t\t\t\t<a class=\"elementor-button elementor-button-link elementor-size-md\" href=\"https:\/\/www.tourisme-egletons.com\/explorer\/egletons\/lac\/\" target=\"_blank\">\n\t\t\t\t\t\t<span class=\"elementor-button-content-wrapper\">\n\t\t\t\t\t\t\t\t\t<span class=\"elementor-button-text\">See more<\/span>\n\t\t\t\t\t<\/span>\n\t\t\t\t\t<\/a>\n\t\t\t\t<\/div>\n\t\t\t\t\t\t\t\t<\/div>\n\t\t\t\t<\/div>\n\t\t\t\t<div class=\"elementor-element elementor-element-2280f2d elementor-widget elementor-widget-heading\" data-id=\"2280f2d\" data-element_type=\"widget\" data-e-type=\"widget\" data-widget_type=\"heading.default\">\n\t\t\t\t<div class=\"elementor-widget-container\">\n\t\t\t\t\t<h3 class=\"elementor-heading-title elementor-size-default\">LAMAZIERES-BASSE FISHING PONDS, 5 minutes away:<\/h3>\t\t\t\t<\/div>\n\t\t\t\t<\/div>\n\t\t\t\t<div class=\"elementor-element elementor-element-63187a5 elementor-widget elementor-widget-text-editor\" data-id=\"63187a5\" data-element_type=\"widget\" data-e-type=\"widget\" data-widget_type=\"text-editor.default\">\n\t\t\t\t<div class=\"elementor-widget-container\">\n\t\t\t\t\t\t\t\t\t<p>Fishing is open on the ponds from May 1st to the first Sunday in November.<br>Card 35 \u20ac (for fishing on the ponds of Viers and Montsour), 15 \u20ac for young people from 12 to 18 years old, free for under 12s.<br>Day fishing at the Ganes pond, weekends and public holidays (6 catches maximum allowed): 10 Euros per day.<\/p>\t\t\t\t\t\t\t\t<\/div>\n\t\t\t\t<\/div>\n\t\t\t\t<div class=\"elementor-element elementor-element-8c9eba5 elementor-widget elementor-widget-button\" data-id=\"8c9eba5\" data-element_type=\"widget\" data-e-type=\"widget\" data-widget_type=\"button.default\">\n\t\t\t\t<div class=\"elementor-widget-container\">\n\t\t\t\t\t\t\t\t\t<div class=\"elementor-button-wrapper\">\n\t\t\t\t\t<a class=\"elementor-button elementor-button-link elementor-size-md\" href=\"https:\/\/www.tourismecorreze.com\/fr\/tourisme_detail\/etang_de_montsour.html\" target=\"_blank\">\n\t\t\t\t\t\t<span class=\"elementor-button-content-wrapper\">\n\t\t\t\t\t\t\t\t\t<span class=\"elementor-button-text\">Fishing cards on site<\/span>\n\t\t\t\t\t<\/span>\n\t\t\t\t\t<\/a>\n\t\t\t\t<\/div>\n\t\t\t\t\t\t\t\t<\/div>\n\t\t\t\t<\/div>\n\t\t\t\t<div class=\"elementor-element elementor-element-002bae4 elementor-widget elementor-widget-menu-anchor\" data-id=\"002bae4\" data-element_type=\"widget\" data-e-type=\"widget\" data-widget_type=\"menu-anchor.default\">\n\t\t\t\t<div class=\"elementor-widget-container\">\n\t\t\t\t\t\t\t<div class=\"elementor-menu-anchor\" id=\"culture\"><\/div>\n\t\t\t\t\t\t<\/div>\n\t\t\t\t<\/div>\n\t\t\t\t<\/div>\n\t\t<div class=\"elementor-element elementor-element-e7a8c2b e-con-full e-flex e-con e-child\" data-id=\"e7a8c2b\" data-element_type=\"container\" data-e-type=\"container\">\n\t\t\t\t<div class=\"elementor-element elementor-element-abd81cc e-transform elementor-invisible elementor-widget elementor-widget-image\" data-id=\"abd81cc\" data-element_type=\"widget\" data-e-type=\"widget\" data-settings=\"{&quot;_animation&quot;:&quot;fadeInRight&quot;,&quot;_transform_scale_effect&quot;:{&quot;unit&quot;:&quot;px&quot;,&quot;size&quot;:1,&quot;sizes&quot;:[]},&quot;_transform_scale_effect_tablet&quot;:{&quot;unit&quot;:&quot;px&quot;,&quot;size&quot;:&quot;&quot;,&quot;sizes&quot;:[]},&quot;_transform_scale_effect_mobile&quot;:{&quot;unit&quot;:&quot;px&quot;,&quot;size&quot;:&quot;&quot;,&quot;sizes&quot;:[]}}\" data-widget_type=\"image.default\">\n\t\t\t\t<div class=\"elementor-widget-container\">\n\t\t\t\t\t\t\t\t\t\t\t\t\t\t\t<img loading=\"lazy\" decoding=\"async\" width=\"815\" height=\"520\" src=\"https:\/\/www.campinglessapinsdecorreze.com\/wp-content\/uploads\/2026\/03\/Activites-estivales-surf-correze.png\" class=\"attachment-full size-full wp-image-5458\" alt=\"Activit\u00e9s de surf \u00e9lectrique au Lac de Neuvic \u00e0 15 min du camping.\" srcset=\"https:\/\/www.campinglessapinsdecorreze.com\/wp-content\/uploads\/2026\/03\/Activites-estivales-surf-correze.png 815w, https:\/\/www.campinglessapinsdecorreze.com\/wp-content\/uploads\/2026\/03\/Activites-estivales-surf-correze-800x510.png 800w, https:\/\/www.campinglessapinsdecorreze.com\/wp-content\/uploads\/2026\/03\/Activites-estivales-surf-correze-768x490.png 768w\" sizes=\"(max-width: 815px) 100vw, 815px\" title=\"Activites-estivales-surf-correze | Camping les sapins de corr\u00e8ze\" \/>\t\t\t\t\t\t\t\t\t\t\t\t\t\t\t<\/div>\n\t\t\t\t<\/div>\n\t\t\t\t<div class=\"elementor-element elementor-element-483f8dc elementor-widget elementor-widget-heading\" data-id=\"483f8dc\" data-element_type=\"widget\" data-e-type=\"widget\" data-widget_type=\"heading.default\">\n\t\t\t\t<div class=\"elementor-widget-container\">\n\t\t\t\t\t<h3 class=\"elementor-heading-title elementor-size-default\">Lake Meymac on the Millevaches Plateau, 15 minutes away:<\/h3>\t\t\t\t<\/div>\n\t\t\t\t<\/div>\n\t\t\t\t<div class=\"elementor-element elementor-element-ca396d0 elementor-widget elementor-widget-text-editor\" data-id=\"ca396d0\" data-element_type=\"widget\" data-e-type=\"widget\" data-widget_type=\"text-editor.default\">\n\t\t\t\t<div class=\"elementor-widget-container\">\n\t\t\t\t\t\t\t\t\t<p>Supervised swimming from July 1st to August 31st, from 2 pm to 7 pm every day.<\/p><p>On the Meymac beach, you will find a leisure base in July and August offering canoe-kayak rentals, pedal boats with slides, and stand-up paddleboarding. Picnic areas and children&#8217;s play areas are available. Orienteering courses and hiking trails are also among the activities at this lake.<\/p>\t\t\t\t\t\t\t\t<\/div>\n\t\t\t\t<\/div>\n\t\t\t\t<div class=\"elementor-element elementor-element-5c4c3e7 elementor-widget elementor-widget-button\" data-id=\"5c4c3e7\" data-element_type=\"widget\" data-e-type=\"widget\" data-widget_type=\"button.default\">\n\t\t\t\t<div class=\"elementor-widget-container\">\n\t\t\t\t\t\t\t\t\t<div class=\"elementor-button-wrapper\">\n\t\t\t\t\t<a class=\"elementor-button elementor-button-link elementor-size-md\" href=\"https:\/\/www.tourisme-hautecorreze.fr\/sites-naturels\/lac-de-sechemailles\/\" target=\"_blank\">\n\t\t\t\t\t\t<span class=\"elementor-button-content-wrapper\">\n\t\t\t\t\t\t\t\t\t<span class=\"elementor-button-text\">See more<\/span>\n\t\t\t\t\t<\/span>\n\t\t\t\t\t<\/a>\n\t\t\t\t<\/div>\n\t\t\t\t\t\t\t\t<\/div>\n\t\t\t\t<\/div>\n\t\t<div class=\"elementor-element elementor-element-08ffa33 e-flex e-con-boxed e-con e-child\" data-id=\"08ffa33\" data-element_type=\"container\" data-e-type=\"container\" data-settings=\"{&quot;background_background&quot;:&quot;classic&quot;}\">\n\t\t\t\t\t<div class=\"e-con-inner\">\n\t\t\t\t<div class=\"elementor-element elementor-element-76efc7a elementor-widget elementor-widget-heading\" data-id=\"76efc7a\" data-element_type=\"widget\" data-e-type=\"widget\" data-widget_type=\"heading.default\">\n\t\t\t\t<div class=\"elementor-widget-container\">\n\t\t\t\t\t<h3 class=\"elementor-heading-title elementor-size-default\">The Cascades du Deiro above Egletons (20 minutes away):<\/h3>\t\t\t\t<\/div>\n\t\t\t\t<\/div>\n\t\t\t\t<div class=\"elementor-element elementor-element-2ba9f94 elementor-widget elementor-widget-text-editor\" data-id=\"2ba9f94\" data-element_type=\"widget\" data-e-type=\"widget\" data-widget_type=\"text-editor.default\">\n\t\t\t\t<div class=\"elementor-widget-container\">\n\t\t\t\t\t\t\t\t\t<p>a perfect spot for a family stroll and a picnic in the shade by the Le Deiro stream, a space that we personally love with our dogs.<\/p>\t\t\t\t\t\t\t\t<\/div>\n\t\t\t\t<\/div>\n\t\t\t\t<div class=\"elementor-element elementor-element-3c0224c elementor-widget elementor-widget-button\" data-id=\"3c0224c\" data-element_type=\"widget\" data-e-type=\"widget\" data-widget_type=\"button.default\">\n\t\t\t\t<div class=\"elementor-widget-container\">\n\t\t\t\t\t\t\t\t\t<div class=\"elementor-button-wrapper\">\n\t\t\t\t\t<a class=\"elementor-button elementor-button-link elementor-size-md\" href=\"https:\/\/rando-millevaches.fr\/fr\/trek\/475360-Les-cascades-et-les-moulins-du-Deiro\" target=\"_blank\">\n\t\t\t\t\t\t<span class=\"elementor-button-content-wrapper\">\n\t\t\t\t\t\t\t\t\t<span class=\"elementor-button-text\">See more<\/span>\n\t\t\t\t\t<\/span>\n\t\t\t\t\t<\/a>\n\t\t\t\t<\/div>\n\t\t\t\t\t\t\t\t<\/div>\n\t\t\t\t<\/div>\n\t\t\t\t\t<\/div>\n\t\t\t\t<\/div>\n\t\t\t\t<\/div>\n\t\t\t\t\t<\/div>\n\t\t\t\t<\/div>\n\t\t<div class=\"elementor-element elementor-element-373a01d e-flex e-con-boxed e-con e-parent\" data-id=\"373a01d\" data-element_type=\"container\" data-e-type=\"container\">\n\t\t\t\t\t<div class=\"e-con-inner\">\n\t\t<div class=\"elementor-element elementor-element-877e28e e-con-full e-flex e-con e-child\" data-id=\"877e28e\" data-element_type=\"container\" data-e-type=\"container\">\n\t\t\t\t<div class=\"elementor-element elementor-element-7791c8b e-transform elementor-invisible elementor-widget elementor-widget-image\" data-id=\"7791c8b\" data-element_type=\"widget\" data-e-type=\"widget\" data-settings=\"{&quot;_animation&quot;:&quot;fadeInLeft&quot;,&quot;_transform_scale_effect&quot;:{&quot;unit&quot;:&quot;px&quot;,&quot;size&quot;:1,&quot;sizes&quot;:[]},&quot;_transform_scale_effect_tablet&quot;:{&quot;unit&quot;:&quot;px&quot;,&quot;size&quot;:&quot;&quot;,&quot;sizes&quot;:[]},&quot;_transform_scale_effect_mobile&quot;:{&quot;unit&quot;:&quot;px&quot;,&quot;size&quot;:&quot;&quot;,&quot;sizes&quot;:[]}}\" data-widget_type=\"image.default\">\n\t\t\t\t<div class=\"elementor-widget-container\">\n\t\t\t\t\t\t\t\t\t\t\t\t\t\t\t<img loading=\"lazy\" decoding=\"async\" width=\"800\" height=\"534\" src=\"https:\/\/www.campinglessapinsdecorreze.com\/wp-content\/uploads\/2026\/03\/RAM_1754bjpg-1920px-800x534.jpg\" class=\"attachment-medium size-medium wp-image-5373\" alt=\"\" srcset=\"https:\/\/www.campinglessapinsdecorreze.com\/wp-content\/uploads\/2026\/03\/RAM_1754bjpg-1920px-800x534.jpg 800w, https:\/\/www.campinglessapinsdecorreze.com\/wp-content\/uploads\/2026\/03\/RAM_1754bjpg-1920px-1151x768.jpg 1151w, https:\/\/www.campinglessapinsdecorreze.com\/wp-content\/uploads\/2026\/03\/RAM_1754bjpg-1920px-768x512.jpg 768w, https:\/\/www.campinglessapinsdecorreze.com\/wp-content\/uploads\/2026\/03\/RAM_1754bjpg-1920px-1536x1025.jpg 1536w, https:\/\/www.campinglessapinsdecorreze.com\/wp-content\/uploads\/2026\/03\/RAM_1754bjpg-1920px.JPG 1920w\" sizes=\"(max-width: 800px) 100vw, 800px\" title=\"RAM_1754bjpg-1920px | Camping les sapins de corr\u00e8ze\" \/>\t\t\t\t\t\t\t\t\t\t\t\t\t\t\t<\/div>\n\t\t\t\t<\/div>\n\t\t\t\t<div class=\"elementor-element elementor-element-a1e62de h3 elementor-widget elementor-widget-heading\" data-id=\"a1e62de\" data-element_type=\"widget\" data-e-type=\"widget\" data-widget_type=\"heading.default\">\n\t\t\t\t<div class=\"elementor-widget-container\">\n\t\t\t\t\t<h2 class=\"elementor-heading-title elementor-size-default\">Discover the cultural heritage during your stay in Corr\u00e8ze<\/h2>\t\t\t\t<\/div>\n\t\t\t\t<\/div>\n\t\t\t\t<\/div>\n\t\t<div class=\"elementor-element elementor-element-88c4d22 e-con-full elementor-hidden-tablet elementor-hidden-mobile e-flex e-con e-child\" data-id=\"88c4d22\" data-element_type=\"container\" data-e-type=\"container\">\n\t\t\t\t<div class=\"elementor-element elementor-element-b90e624 elementor-invisible elementor-widget elementor-widget-image\" data-id=\"b90e624\" data-element_type=\"widget\" data-e-type=\"widget\" data-settings=\"{&quot;_animation&quot;:&quot;fadeInRight&quot;}\" data-widget_type=\"image.default\">\n\t\t\t\t<div class=\"elementor-widget-container\">\n\t\t\t\t\t\t\t\t\t\t\t\t\t\t\t<img loading=\"lazy\" decoding=\"async\" width=\"800\" height=\"533\" src=\"https:\/\/www.campinglessapinsdecorreze.com\/wp-content\/uploads\/2024\/12\/Decouvertes-Chateau-dans-le-Ventadour-800x533.jpg\" class=\"attachment-medium size-medium wp-image-3406\" alt=\"Partez \u00e0 la d\u00e9couverte des ruines du Ch\u00e2teau de Ventadour surplombant le paysage.\" srcset=\"https:\/\/www.campinglessapinsdecorreze.com\/wp-content\/uploads\/2024\/12\/Decouvertes-Chateau-dans-le-Ventadour-800x533.jpg 800w, https:\/\/www.campinglessapinsdecorreze.com\/wp-content\/uploads\/2024\/12\/Decouvertes-Chateau-dans-le-Ventadour-1152x768.jpg 1152w, https:\/\/www.campinglessapinsdecorreze.com\/wp-content\/uploads\/2024\/12\/Decouvertes-Chateau-dans-le-Ventadour-768x512.jpg 768w, https:\/\/www.campinglessapinsdecorreze.com\/wp-content\/uploads\/2024\/12\/Decouvertes-Chateau-dans-le-Ventadour-1536x1024.jpg 1536w, https:\/\/www.campinglessapinsdecorreze.com\/wp-content\/uploads\/2024\/12\/Decouvertes-Chateau-dans-le-Ventadour.jpg 1920w\" sizes=\"(max-width: 800px) 100vw, 800px\" title=\"D\u00e9couvertes Ch\u00e2teau dans le Ventadour | Camping les sapins de corr\u00e8ze\" \/>\t\t\t\t\t\t\t\t\t\t\t\t\t\t\t<\/div>\n\t\t\t\t<\/div>\n\t\t\t\t<\/div>\n\t\t\t\t\t<\/div>\n\t\t\t\t<\/div>\n\t\t<div class=\"elementor-element elementor-element-65cb293 e-flex e-con-boxed e-con e-parent\" data-id=\"65cb293\" data-element_type=\"container\" data-e-type=\"container\">\n\t\t\t\t\t<div class=\"e-con-inner\">\n\t\t<div class=\"elementor-element elementor-element-aaa82b4 e-con-full e-flex e-con e-child\" data-id=\"aaa82b4\" data-element_type=\"container\" data-e-type=\"container\">\n\t\t\t\t<div class=\"elementor-element elementor-element-9b111e4 elementor-widget elementor-widget-text-editor\" data-id=\"9b111e4\" data-element_type=\"widget\" data-e-type=\"widget\" data-widget_type=\"text-editor.default\">\n\t\t\t\t<div class=\"elementor-widget-container\">\n\t\t\t\t\t\t\t\t\t<p><strong>Corr\u00e8ze boasts a remarkable cultural heritage, including numerous medieval towns, Gallo-Roman sites, museums, and educational farms.<br><\/strong><\/p>\t\t\t\t\t\t\t\t<\/div>\n\t\t\t\t<\/div>\n\t\t\t\t<div class=\"elementor-element elementor-element-8fa68ab elementor-widget elementor-widget-text-editor\" data-id=\"8fa68ab\" data-element_type=\"widget\" data-e-type=\"widget\" data-widget_type=\"text-editor.default\">\n\t\t\t\t<div class=\"elementor-widget-container\">\n\t\t\t\t\t\t\t\t\t<p>Among the towns and villages of character, you will find <strong>Palisse<\/strong>, where the campsite is located, a real open-air workshop for forging works and its small church with its depotted bells (10 min walk). Discover <strong>Meymac <\/strong>(20 min) particularly for its architecture and its <strong>producers&#8217; market <\/strong>every Wednesday.<\/p><p> <strong>Egletons Ventadour and Mon\u00e9di\u00e8res Tourism<\/strong> : <em>Nature Tuesdays <\/em>await you for the whole family in Egletons, fun activities on biodiversity. Families love it, we also recommend<strong> the remains of the Ventadour Castle <\/strong>(15 min) with activities for children during school holidays.<\/p><p><strong>Panorama not to be missed, the Viaduc des Rochers Noirs<\/strong> spans the gorges of the Luz\u00e8ge. Completely renovated, the viaduct is open to pedestrians, mountain bikes and bicycles.<br>3 hiking trails have been set up, including a passage <strong>on the Himalayan footbridge <\/strong>located below the viaduct which connects the two banks of the Luz\u00e8ge.  <\/p><p>And finally, explore <strong>Bort les Orgues<\/strong>, listed among the amazing sites where you will find <strong>the Val castle<\/strong> (40 min).<\/p>\t\t\t\t\t\t\t\t<\/div>\n\t\t\t\t<\/div>\n\t\t\t\t<\/div>\n\t\t<div class=\"elementor-element elementor-element-8cff7f8 e-con-full e-flex e-con e-child\" data-id=\"8cff7f8\" data-element_type=\"container\" data-e-type=\"container\">\n\t\t\t\t<div class=\"elementor-element elementor-element-226d6d2 elementor-widget elementor-widget-heading\" data-id=\"226d6d2\" data-element_type=\"widget\" data-e-type=\"widget\" data-widget_type=\"heading.default\">\n\t\t\t\t<div class=\"elementor-widget-container\">\n\t\t\t\t\t<h3 class=\"elementor-heading-title elementor-size-default\">Recommendations for children :<\/h3>\t\t\t\t<\/div>\n\t\t\t\t<\/div>\n\t\t\t\t<div class=\"elementor-element elementor-element-814c06c elementor-widget elementor-widget-text-editor\" data-id=\"814c06c\" data-element_type=\"widget\" data-e-type=\"widget\" data-widget_type=\"text-editor.default\">\n\t\t\t\t<div class=\"elementor-widget-container\">\n\t\t\t\t\t\t\t\t\t<ul><li><strong>La Ferme Lama\u2019ziere in Lamaziere-Basse<\/strong> offers a variety of fun activities, including llama rides (10 min from the campsite &#8211; accessible by bike in 30 min)<strong>.<\/strong><\/li><li><strong>The Raulhac Ecological Farm <\/strong>shares its love of places with you through blueberry picking, various discovery trails for all ages with access from the campsite.<\/li><\/ul>\t\t\t\t\t\t\t\t<\/div>\n\t\t\t\t<\/div>\n\t\t\t\t<div class=\"elementor-element elementor-element-6e93918 elementor-widget elementor-widget-heading\" data-id=\"6e93918\" data-element_type=\"widget\" data-e-type=\"widget\" data-widget_type=\"heading.default\">\n\t\t\t\t<div class=\"elementor-widget-container\">\n\t\t\t\t\t<h3 class=\"elementor-heading-title elementor-size-default\">Nearby Museums:<\/h3>\t\t\t\t<\/div>\n\t\t\t\t<\/div>\n\t\t\t\t<div class=\"elementor-element elementor-element-65f45f2 elementor-widget elementor-widget-text-editor\" data-id=\"65f45f2\" data-element_type=\"widget\" data-e-type=\"widget\" data-widget_type=\"text-editor.default\">\n\t\t\t\t<div class=\"elementor-widget-container\">\n\t\t\t\t\t\t\t\t\t<ul><li>Departmental Museum of Resistance &#8220;Henri Queuille&#8221; in Neuvic (15 minutes)<\/li><li>Medieval Discovery Center in Egletons (20 minutes)<\/li><li>Museum of the Ussel region (15 minutes)<\/li><\/ul>\t\t\t\t\t\t\t\t<\/div>\n\t\t\t\t<\/div>\n\t\t\t\t<div class=\"elementor-element elementor-element-d697cbd h2 elementor-widget elementor-widget-heading\" data-id=\"d697cbd\" data-element_type=\"widget\" data-e-type=\"widget\" data-widget_type=\"heading.default\">\n\t\t\t\t<div class=\"elementor-widget-container\">\n\t\t\t\t\t<p class=\"elementor-heading-title elementor-size-default\">Not to be missed for our road trippers.<\/p>\t\t\t\t<\/div>\n\t\t\t\t<\/div>\n\t\t\t\t<div class=\"elementor-element elementor-element-07d26ef elementor-widget elementor-widget-text-editor\" data-id=\"07d26ef\" data-element_type=\"widget\" data-e-type=\"widget\" data-widget_type=\"text-editor.default\">\n\t\t\t\t<div class=\"elementor-widget-container\">\n\t\t\t\t\t\t\t\t\t<p>Among the most beautiful villages in France, Corr\u00e8ze has 6 on its territory: <strong>Beaulieu-sur-Dordogne<\/strong> (1 hour and 20 minutes), <strong>Collonges-la-Rouge<\/strong> (1 hour and 30 minutes), <strong>Curemonte<\/strong> (1 hour and 20 minutes), <strong>Saint-Robert<\/strong> (1 hour and 30 minutes), <strong>S\u00e9gur-le-Chateau<\/strong> (1 hour and 30 minutes), and <strong>Turenne<\/strong> (1 hour and 25 minutes).<\/p>\t\t\t\t\t\t\t\t<\/div>\n\t\t\t\t<\/div>\n\t\t\t\t<\/div>\n\t\t\t\t\t<\/div>\n\t\t\t\t<\/div>\n\t\t<div class=\"elementor-element elementor-element-5a2aed8 e-flex e-con-boxed e-con e-parent\" data-id=\"5a2aed8\" data-element_type=\"container\" data-e-type=\"container\">\n\t\t\t\t\t<div class=\"e-con-inner\">\n\t\t\t\t<div class=\"elementor-element elementor-element-62f4ca3 elementor-widget elementor-widget-menu-anchor\" data-id=\"62f4ca3\" data-element_type=\"widget\" data-e-type=\"widget\" data-widget_type=\"menu-anchor.default\">\n\t\t\t\t<div class=\"elementor-widget-container\">\n\t\t\t\t\t\t\t<div class=\"elementor-menu-anchor\" id=\"valley\"><\/div>\n\t\t\t\t\t\t<\/div>\n\t\t\t\t<\/div>\n\t\t\t\t<div class=\"elementor-element elementor-element-2afe370 elementor-button-info elementor-align-center elementor-widget elementor-widget-button\" data-id=\"2afe370\" data-element_type=\"widget\" data-e-type=\"widget\" data-widget_type=\"button.default\">\n\t\t\t\t<div class=\"elementor-widget-container\">\n\t\t\t\t\t\t\t\t\t<div class=\"elementor-button-wrapper\">\n\t\t\t\t\t<a class=\"elementor-button elementor-button-link elementor-size-md\" href=\"https:\/\/www.tourisme-hautecorreze.fr\/decouvrez\/patrimoine-et-visites\/\" target=\"_blank\">\n\t\t\t\t\t\t<span class=\"elementor-button-content-wrapper\">\n\t\t\t\t\t\t\t\t\t<span class=\"elementor-button-text\">See more<\/span>\n\t\t\t\t\t<\/span>\n\t\t\t\t\t<\/a>\n\t\t\t\t<\/div>\n\t\t\t\t\t\t\t\t<\/div>\n\t\t\t\t<\/div>\n\t\t\t\t\t<\/div>\n\t\t\t\t<\/div>\n\t\t<div class=\"elementor-element elementor-element-e54d232 e-flex e-con-boxed e-con e-parent\" data-id=\"e54d232\" data-element_type=\"container\" data-e-type=\"container\" data-settings=\"{&quot;background_background&quot;:&quot;classic&quot;}\">\n\t\t\t\t\t<div class=\"e-con-inner\">\n\t\t<div class=\"elementor-element elementor-element-dc3f0fe e-con-full e-flex e-con e-child\" data-id=\"dc3f0fe\" data-element_type=\"container\" data-e-type=\"container\">\n\t\t\t\t<\/div>\n\t\t<div class=\"elementor-element elementor-element-84ee12d e-con-full e-flex e-con e-child\" data-id=\"84ee12d\" data-element_type=\"container\" data-e-type=\"container\">\n\t\t\t\t<div class=\"elementor-element elementor-element-14bf97e elementor-invisible elementor-widget elementor-widget-image\" data-id=\"14bf97e\" data-element_type=\"widget\" data-e-type=\"widget\" data-settings=\"{&quot;_animation&quot;:&quot;fadeInRight&quot;}\" data-widget_type=\"image.default\">\n\t\t\t\t<div class=\"elementor-widget-container\">\n\t\t\t\t\t\t\t\t\t\t\t\t\t\t\t<img loading=\"lazy\" decoding=\"async\" width=\"1200\" height=\"899\" src=\"https:\/\/www.campinglessapinsdecorreze.com\/wp-content\/uploads\/2024\/12\/Paddle-sur-la-Dordogne.jpg\" class=\"attachment-full size-full wp-image-3444\" alt=\"Paddle sur la Dordogne, instant de pl\u00e9nitude incroyable\" srcset=\"https:\/\/www.campinglessapinsdecorreze.com\/wp-content\/uploads\/2024\/12\/Paddle-sur-la-Dordogne.jpg 1200w, https:\/\/www.campinglessapinsdecorreze.com\/wp-content\/uploads\/2024\/12\/Paddle-sur-la-Dordogne-800x600.jpg 800w, https:\/\/www.campinglessapinsdecorreze.com\/wp-content\/uploads\/2024\/12\/Paddle-sur-la-Dordogne-1025x768.jpg 1025w, https:\/\/www.campinglessapinsdecorreze.com\/wp-content\/uploads\/2024\/12\/Paddle-sur-la-Dordogne-768x575.jpg 768w\" sizes=\"(max-width: 1200px) 100vw, 1200px\" title=\"Paddle sur la Dordogne | Camping les sapins de corr\u00e8ze\" \/>\t\t\t\t\t\t\t\t\t\t\t\t\t\t\t<\/div>\n\t\t\t\t<\/div>\n\t\t\t\t<\/div>\n\t\t\t\t\t<\/div>\n\t\t\t\t<\/div>\n\t\t<div class=\"elementor-element elementor-element-baf031f e-flex e-con-boxed e-con e-parent\" data-id=\"baf031f\" data-element_type=\"container\" data-e-type=\"container\" data-settings=\"{&quot;background_background&quot;:&quot;classic&quot;}\">\n\t\t\t\t\t<div class=\"e-con-inner\">\n\t\t<div class=\"elementor-element elementor-element-6d265b4 e-con-full e-transform e-flex e-con e-child\" data-id=\"6d265b4\" data-element_type=\"container\" data-e-type=\"container\" data-settings=\"{&quot;_transform_translateX_effect&quot;:{&quot;unit&quot;:&quot;px&quot;,&quot;size&quot;:0,&quot;sizes&quot;:[]},&quot;_transform_translateY_effect&quot;:{&quot;unit&quot;:&quot;px&quot;,&quot;size&quot;:-220,&quot;sizes&quot;:[]},&quot;_transform_translateY_effect_tablet&quot;:{&quot;unit&quot;:&quot;px&quot;,&quot;size&quot;:0,&quot;sizes&quot;:[]},&quot;_transform_translateX_effect_tablet&quot;:{&quot;unit&quot;:&quot;px&quot;,&quot;size&quot;:&quot;&quot;,&quot;sizes&quot;:[]},&quot;_transform_translateX_effect_mobile&quot;:{&quot;unit&quot;:&quot;px&quot;,&quot;size&quot;:&quot;&quot;,&quot;sizes&quot;:[]},&quot;_transform_translateY_effect_mobile&quot;:{&quot;unit&quot;:&quot;px&quot;,&quot;size&quot;:&quot;&quot;,&quot;sizes&quot;:[]}}\">\n\t\t\t\t<div class=\"elementor-element elementor-element-340a71e h3 elementor-widget elementor-widget-heading\" data-id=\"340a71e\" data-element_type=\"widget\" data-e-type=\"widget\" data-widget_type=\"heading.default\">\n\t\t\t\t<div class=\"elementor-widget-container\">\n\t\t\t\t\t<h2 class=\"elementor-heading-title elementor-size-default\">Gorges and Valley\nof the Dordogne<\/h2>\t\t\t\t<\/div>\n\t\t\t\t<\/div>\n\t\t\t\t<div class=\"elementor-element elementor-element-c20afa6 elementor-widget elementor-widget-text-editor\" data-id=\"c20afa6\" data-element_type=\"widget\" data-e-type=\"widget\" data-widget_type=\"text-editor.default\">\n\t\t\t\t<div class=\"elementor-widget-container\">\n\t\t\t\t\t\t\t\t\t<p><strong>Classified as a Biosphere Reserve by UNESCO, come and discover them through a wide variety of routes from the Gabare and its storytellers, to canoe-kayak or paddle trips for all ages.<\/strong><\/p><p>The <strong>Saint Nazaire site<\/strong> and the<strong> Gratte Bruy\u00e8re Belvedere<\/strong> will allow you to gain height to admire the Dordogne and the birds of prey flying over it.<\/p>\t\t\t\t\t\t\t\t<\/div>\n\t\t\t\t<\/div>\n\t\t\t\t<div class=\"elementor-element elementor-element-acabcf4 elementor-widget elementor-widget-text-editor\" data-id=\"acabcf4\" data-element_type=\"widget\" data-e-type=\"widget\" data-widget_type=\"text-editor.default\">\n\t\t\t\t<div class=\"elementor-widget-container\">\n\t\t\t\t\t\t\t\t\t<p><strong>Canoeing, kayaking, rafting and water hiking providers<\/strong> and departures await you at Roche le Peyroux with <a href=\"https:\/\/www.smilekayak.com\/\" target=\"_blank\" rel=\"noopener\">Smile Kayak!<\/a> <\/p>\t\t\t\t\t\t\t\t<\/div>\n\t\t\t\t<\/div>\n\t\t\t\t<div class=\"elementor-element elementor-element-1744696 elementor-button-info elementor-widget elementor-widget-button\" data-id=\"1744696\" data-element_type=\"widget\" data-e-type=\"widget\" data-widget_type=\"button.default\">\n\t\t\t\t<div class=\"elementor-widget-container\">\n\t\t\t\t\t\t\t\t\t<div class=\"elementor-button-wrapper\">\n\t\t\t\t\t<a class=\"elementor-button elementor-button-link elementor-size-md\" href=\"https:\/\/www.tourisme-hautecorreze.fr\/aventurez-vous\/activites-et-sports-de-pleine-nature-2\/\" target=\"_blank\">\n\t\t\t\t\t\t<span class=\"elementor-button-content-wrapper\">\n\t\t\t\t\t\t\t\t\t<span class=\"elementor-button-text\">See more<\/span>\n\t\t\t\t\t<\/span>\n\t\t\t\t\t<\/a>\n\t\t\t\t<\/div>\n\t\t\t\t\t\t\t\t<\/div>\n\t\t\t\t<\/div>\n\t\t\t\t<\/div>\n\t\t<div class=\"elementor-element elementor-element-0a0702c e-con-full e-flex e-con e-child\" data-id=\"0a0702c\" data-element_type=\"container\" data-e-type=\"container\">\n\t\t\t\t<div class=\"elementor-element elementor-element-64666af elementor-widget elementor-widget-text-editor\" data-id=\"64666af\" data-element_type=\"widget\" data-e-type=\"widget\" data-widget_type=\"text-editor.default\">\n\t\t\t\t<div class=\"elementor-widget-container\">\n\t\t\t\t\t\t\t\t\t<p>For <strong>lovers of water trips <\/strong>in Corr\u00e8ze, the <strong>Gabares <\/strong>(flat-bottomed boats) invite you to discover the Gorges and the Dordogne Valley in the footsteps of the gabariers, intrepid navigators who brought down loads of wood for the Bordeaux vineyards and cooperage. You will also find the <strong>closest one to the campsite in Spontour<\/strong> (25 min).<\/p><p>Don&#8217;t miss visiting the Val Castle and the Bort-les-Orgues Dam as well as the Aigle Dam.<\/p>\t\t\t\t\t\t\t\t<\/div>\n\t\t\t\t<\/div>\n\t\t\t\t<div class=\"elementor-element elementor-element-3eb1bde elementor-widget elementor-widget-menu-anchor\" data-id=\"3eb1bde\" data-element_type=\"widget\" data-e-type=\"widget\" data-widget_type=\"menu-anchor.default\">\n\t\t\t\t<div class=\"elementor-widget-container\">\n\t\t\t\t\t\t\t<div class=\"elementor-menu-anchor\" id=\"millevaches\"><\/div>\n\t\t\t\t\t\t<\/div>\n\t\t\t\t<\/div>\n\t\t\t\t<\/div>\n\t\t\t\t\t<\/div>\n\t\t\t\t<\/div>\n\t\t<div class=\"elementor-element elementor-element-67acd3c e-flex e-con-boxed e-con e-parent\" data-id=\"67acd3c\" data-element_type=\"container\" data-e-type=\"container\">\n\t\t\t\t\t<div class=\"e-con-inner\">\n\t\t<div class=\"elementor-element elementor-element-0bc49de e-con-full e-flex e-con e-child\" data-id=\"0bc49de\" data-element_type=\"container\" data-e-type=\"container\">\n\t\t\t\t<div class=\"elementor-element elementor-element-7b74c83 e-transform e-transform elementor-invisible elementor-widget elementor-widget-image\" data-id=\"7b74c83\" data-element_type=\"widget\" data-e-type=\"widget\" data-settings=\"{&quot;_animation&quot;:&quot;fadeInLeft&quot;,&quot;_transform_scale_effect&quot;:{&quot;unit&quot;:&quot;px&quot;,&quot;size&quot;:1,&quot;sizes&quot;:[]},&quot;_transform_translateY_effect&quot;:{&quot;unit&quot;:&quot;px&quot;,&quot;size&quot;:-62,&quot;sizes&quot;:[]},&quot;_transform_translateY_effect_tablet&quot;:{&quot;unit&quot;:&quot;px&quot;,&quot;size&quot;:0,&quot;sizes&quot;:[]},&quot;_transform_translateX_effect&quot;:{&quot;unit&quot;:&quot;px&quot;,&quot;size&quot;:&quot;&quot;,&quot;sizes&quot;:[]},&quot;_transform_translateX_effect_tablet&quot;:{&quot;unit&quot;:&quot;px&quot;,&quot;size&quot;:&quot;&quot;,&quot;sizes&quot;:[]},&quot;_transform_translateX_effect_mobile&quot;:{&quot;unit&quot;:&quot;px&quot;,&quot;size&quot;:&quot;&quot;,&quot;sizes&quot;:[]},&quot;_transform_translateY_effect_mobile&quot;:{&quot;unit&quot;:&quot;px&quot;,&quot;size&quot;:&quot;&quot;,&quot;sizes&quot;:[]},&quot;_transform_scale_effect_tablet&quot;:{&quot;unit&quot;:&quot;px&quot;,&quot;size&quot;:&quot;&quot;,&quot;sizes&quot;:[]},&quot;_transform_scale_effect_mobile&quot;:{&quot;unit&quot;:&quot;px&quot;,&quot;size&quot;:&quot;&quot;,&quot;sizes&quot;:[]}}\" data-widget_type=\"image.default\">\n\t\t\t\t<div class=\"elementor-widget-container\">\n\t\t\t\t\t\t\t\t\t\t\t\t\t\t\t<img loading=\"lazy\" decoding=\"async\" width=\"2560\" height=\"1920\" src=\"https:\/\/www.campinglessapinsdecorreze.com\/wp-content\/uploads\/2025\/01\/Panorama-millevaches-longeyroux-scaled.jpg\" class=\"attachment-full size-full wp-image-4192\" alt=\"S\u00e9jour-nature-en-Corr\u00e8ze\" srcset=\"https:\/\/www.campinglessapinsdecorreze.com\/wp-content\/uploads\/2025\/01\/Panorama-millevaches-longeyroux-scaled.jpg 2560w, https:\/\/www.campinglessapinsdecorreze.com\/wp-content\/uploads\/2025\/01\/Panorama-millevaches-longeyroux-800x600.jpg 800w, https:\/\/www.campinglessapinsdecorreze.com\/wp-content\/uploads\/2025\/01\/Panorama-millevaches-longeyroux-1024x768.jpg 1024w, https:\/\/www.campinglessapinsdecorreze.com\/wp-content\/uploads\/2025\/01\/Panorama-millevaches-longeyroux-768x576.jpg 768w, https:\/\/www.campinglessapinsdecorreze.com\/wp-content\/uploads\/2025\/01\/Panorama-millevaches-longeyroux-1536x1152.jpg 1536w, https:\/\/www.campinglessapinsdecorreze.com\/wp-content\/uploads\/2025\/01\/Panorama-millevaches-longeyroux-2048x1536.jpg 2048w\" sizes=\"(max-width: 2560px) 100vw, 2560px\" title=\"Panorama-millevaches-longeyroux | Camping les sapins de corr\u00e8ze\" \/>\t\t\t\t\t\t\t\t\t\t\t\t\t\t\t<\/div>\n\t\t\t\t<\/div>\n\t\t\t\t<\/div>\n\t\t<div class=\"elementor-element elementor-element-1e71904 e-con-full elementor-hidden-tablet elementor-hidden-mobile e-transform e-flex e-con e-child\" data-id=\"1e71904\" data-element_type=\"container\" data-e-type=\"container\" data-settings=\"{&quot;_transform_translateY_effect&quot;:{&quot;unit&quot;:&quot;px&quot;,&quot;size&quot;:524,&quot;sizes&quot;:[]},&quot;_transform_translateX_effect&quot;:{&quot;unit&quot;:&quot;px&quot;,&quot;size&quot;:&quot;&quot;,&quot;sizes&quot;:[]},&quot;_transform_translateX_effect_tablet&quot;:{&quot;unit&quot;:&quot;px&quot;,&quot;size&quot;:&quot;&quot;,&quot;sizes&quot;:[]},&quot;_transform_translateX_effect_mobile&quot;:{&quot;unit&quot;:&quot;px&quot;,&quot;size&quot;:&quot;&quot;,&quot;sizes&quot;:[]},&quot;_transform_translateY_effect_tablet&quot;:{&quot;unit&quot;:&quot;px&quot;,&quot;size&quot;:&quot;&quot;,&quot;sizes&quot;:[]},&quot;_transform_translateY_effect_mobile&quot;:{&quot;unit&quot;:&quot;px&quot;,&quot;size&quot;:&quot;&quot;,&quot;sizes&quot;:[]}}\">\n\t\t\t\t<div class=\"elementor-element elementor-element-cb922a0 e-transform elementor-invisible elementor-widget elementor-widget-image\" data-id=\"cb922a0\" data-element_type=\"widget\" data-e-type=\"widget\" data-settings=\"{&quot;_animation&quot;:&quot;fadeInRight&quot;,&quot;_transform_scale_effect&quot;:{&quot;unit&quot;:&quot;px&quot;,&quot;size&quot;:0.8,&quot;sizes&quot;:[]},&quot;_transform_scale_effect_tablet&quot;:{&quot;unit&quot;:&quot;px&quot;,&quot;size&quot;:&quot;&quot;,&quot;sizes&quot;:[]},&quot;_transform_scale_effect_mobile&quot;:{&quot;unit&quot;:&quot;px&quot;,&quot;size&quot;:&quot;&quot;,&quot;sizes&quot;:[]}}\" data-widget_type=\"image.default\">\n\t\t\t\t<div class=\"elementor-widget-container\">\n\t\t\t\t\t\t\t\t\t\t\t\t\t\t\t<img loading=\"lazy\" decoding=\"async\" width=\"640\" height=\"683\" src=\"https:\/\/www.campinglessapinsdecorreze.com\/wp-content\/uploads\/2025\/01\/Highlands-beige-720x768.jpg\" class=\"attachment-large size-large wp-image-4188\" alt=\"Millevaches\" srcset=\"https:\/\/www.campinglessapinsdecorreze.com\/wp-content\/uploads\/2025\/01\/Highlands-beige-720x768.jpg 720w, https:\/\/www.campinglessapinsdecorreze.com\/wp-content\/uploads\/2025\/01\/Highlands-beige-562x600.jpg 562w, https:\/\/www.campinglessapinsdecorreze.com\/wp-content\/uploads\/2025\/01\/Highlands-beige-768x819.jpg 768w, https:\/\/www.campinglessapinsdecorreze.com\/wp-content\/uploads\/2025\/01\/Highlands-beige-1440x1536.jpg 1440w, https:\/\/www.campinglessapinsdecorreze.com\/wp-content\/uploads\/2025\/01\/Highlands-beige-1920x2048.jpg 1920w\" sizes=\"(max-width: 640px) 100vw, 640px\" title=\"Highlands beige | Camping les sapins de corr\u00e8ze\" \/>\t\t\t\t\t\t\t\t\t\t\t\t\t\t\t<\/div>\n\t\t\t\t<\/div>\n\t\t\t\t<\/div>\n\t\t\t\t\t<\/div>\n\t\t\t\t<\/div>\n\t\t<div class=\"elementor-element elementor-element-fa8fe12 e-flex e-con-boxed e-con e-parent\" data-id=\"fa8fe12\" data-element_type=\"container\" data-e-type=\"container\">\n\t\t\t\t\t<div class=\"e-con-inner\">\n\t\t<div class=\"elementor-element elementor-element-ffca039 e-con-full e-transform e-flex e-con e-child\" data-id=\"ffca039\" data-element_type=\"container\" data-e-type=\"container\" data-settings=\"{&quot;_transform_translateY_effect&quot;:{&quot;unit&quot;:&quot;px&quot;,&quot;size&quot;:-73,&quot;sizes&quot;:[]},&quot;_transform_translateY_effect_tablet&quot;:{&quot;unit&quot;:&quot;px&quot;,&quot;size&quot;:0,&quot;sizes&quot;:[]},&quot;_transform_translateX_effect&quot;:{&quot;unit&quot;:&quot;px&quot;,&quot;size&quot;:&quot;&quot;,&quot;sizes&quot;:[]},&quot;_transform_translateX_effect_tablet&quot;:{&quot;unit&quot;:&quot;px&quot;,&quot;size&quot;:&quot;&quot;,&quot;sizes&quot;:[]},&quot;_transform_translateX_effect_mobile&quot;:{&quot;unit&quot;:&quot;px&quot;,&quot;size&quot;:&quot;&quot;,&quot;sizes&quot;:[]},&quot;_transform_translateY_effect_mobile&quot;:{&quot;unit&quot;:&quot;px&quot;,&quot;size&quot;:&quot;&quot;,&quot;sizes&quot;:[]}}\">\n\t\t\t\t<div class=\"elementor-element elementor-element-4bd3d74 e-transform h3 elementor-widget elementor-widget-heading\" data-id=\"4bd3d74\" data-element_type=\"widget\" data-e-type=\"widget\" data-settings=\"{&quot;_transform_translateY_effect&quot;:{&quot;unit&quot;:&quot;px&quot;,&quot;size&quot;:-171,&quot;sizes&quot;:[]},&quot;_transform_translateY_effect_tablet&quot;:{&quot;unit&quot;:&quot;px&quot;,&quot;size&quot;:0,&quot;sizes&quot;:[]},&quot;_transform_translateX_effect&quot;:{&quot;unit&quot;:&quot;px&quot;,&quot;size&quot;:&quot;&quot;,&quot;sizes&quot;:[]},&quot;_transform_translateX_effect_tablet&quot;:{&quot;unit&quot;:&quot;px&quot;,&quot;size&quot;:&quot;&quot;,&quot;sizes&quot;:[]},&quot;_transform_translateX_effect_mobile&quot;:{&quot;unit&quot;:&quot;px&quot;,&quot;size&quot;:&quot;&quot;,&quot;sizes&quot;:[]},&quot;_transform_translateY_effect_mobile&quot;:{&quot;unit&quot;:&quot;px&quot;,&quot;size&quot;:&quot;&quot;,&quot;sizes&quot;:[]}}\" data-widget_type=\"heading.default\">\n\t\t\t\t<div class=\"elementor-widget-container\">\n\t\t\t\t\t<h2 class=\"elementor-heading-title elementor-size-default\">Millevaches Natural Park: the heart of your nature stay in Corr\u00e8ze<\/h2>\t\t\t\t<\/div>\n\t\t\t\t<\/div>\n\t\t\t\t<div class=\"elementor-element elementor-element-a01e314 e-transform elementor-widget elementor-widget-text-editor\" data-id=\"a01e314\" data-element_type=\"widget\" data-e-type=\"widget\" data-settings=\"{&quot;_transform_translateY_effect&quot;:{&quot;unit&quot;:&quot;px&quot;,&quot;size&quot;:-159,&quot;sizes&quot;:[]},&quot;_transform_translateY_effect_tablet&quot;:{&quot;unit&quot;:&quot;px&quot;,&quot;size&quot;:0,&quot;sizes&quot;:[]},&quot;_transform_translateX_effect&quot;:{&quot;unit&quot;:&quot;px&quot;,&quot;size&quot;:&quot;&quot;,&quot;sizes&quot;:[]},&quot;_transform_translateX_effect_tablet&quot;:{&quot;unit&quot;:&quot;px&quot;,&quot;size&quot;:&quot;&quot;,&quot;sizes&quot;:[]},&quot;_transform_translateX_effect_mobile&quot;:{&quot;unit&quot;:&quot;px&quot;,&quot;size&quot;:&quot;&quot;,&quot;sizes&quot;:[]},&quot;_transform_translateY_effect_mobile&quot;:{&quot;unit&quot;:&quot;px&quot;,&quot;size&quot;:&quot;&quot;,&quot;sizes&quot;:[]}}\" data-widget_type=\"text-editor.default\">\n\t\t\t\t<div class=\"elementor-widget-container\">\n\t\t\t\t\t\t\t\t\t<p><strong>Natura 2000 site,<\/strong> <strong>Millevaches or a thousand springs\u2026 it is here between peat bogs, moors and streams, thorny forests and heath carpets, that you will encounter remarkable fauna and flora.<\/strong><\/p>\t\t\t\t\t\t\t\t<\/div>\n\t\t\t\t<\/div>\n\t\t\t\t<div class=\"elementor-element elementor-element-8703aa0 e-transform elementor-widget elementor-widget-text-editor\" data-id=\"8703aa0\" data-element_type=\"widget\" data-e-type=\"widget\" data-settings=\"{&quot;_transform_translateY_effect&quot;:{&quot;unit&quot;:&quot;px&quot;,&quot;size&quot;:-159,&quot;sizes&quot;:[]},&quot;_transform_translateY_effect_tablet&quot;:{&quot;unit&quot;:&quot;px&quot;,&quot;size&quot;:0,&quot;sizes&quot;:[]},&quot;_transform_translateX_effect&quot;:{&quot;unit&quot;:&quot;px&quot;,&quot;size&quot;:&quot;&quot;,&quot;sizes&quot;:[]},&quot;_transform_translateX_effect_tablet&quot;:{&quot;unit&quot;:&quot;px&quot;,&quot;size&quot;:&quot;&quot;,&quot;sizes&quot;:[]},&quot;_transform_translateX_effect_mobile&quot;:{&quot;unit&quot;:&quot;px&quot;,&quot;size&quot;:&quot;&quot;,&quot;sizes&quot;:[]},&quot;_transform_translateY_effect_mobile&quot;:{&quot;unit&quot;:&quot;px&quot;,&quot;size&quot;:&quot;&quot;,&quot;sizes&quot;:[]}}\" data-widget_type=\"text-editor.default\">\n\t\t\t\t<div class=\"elementor-widget-container\">\n\t\t\t\t\t\t\t\t\t<p>A land of legends, but also a land of hikes where Gallo-Roman remains and monumental crosses serve as landmarks in immensely magical landscapes.<\/p><p>From the campsite, the <strong>Gates of the Plateau<\/strong> begin from <strong>Meymac<\/strong> (20 minutes), where you can admire or explore <strong>Mont Bessou<\/strong> and its <strong>panoramic tower<\/strong> at 1000 meters high, offering breathtaking views of the Monts du Cantal and Auvergne.<\/p><p>The Millechaves PNR is also recognized as <strong>an International Dark Sky Reserve (IDSR), <\/strong>a rare spectacle in a region without light and noise pollution.<\/p>\t\t\t\t\t\t\t\t<\/div>\n\t\t\t\t<\/div>\n\t\t\t\t<div class=\"elementor-element elementor-element-284ee9c elementor-widget elementor-widget-menu-anchor\" data-id=\"284ee9c\" data-element_type=\"widget\" data-e-type=\"widget\" data-widget_type=\"menu-anchor.default\">\n\t\t\t\t<div class=\"elementor-widget-container\">\n\t\t\t\t\t\t\t<div class=\"elementor-menu-anchor\" id=\"carte\"><\/div>\n\t\t\t\t\t\t<\/div>\n\t\t\t\t<\/div>\n\t\t\t\t<div class=\"elementor-element elementor-element-49cdfa0 elementor-button-info e-transform elementor-widget elementor-widget-button\" data-id=\"49cdfa0\" data-element_type=\"widget\" data-e-type=\"widget\" data-settings=\"{&quot;_transform_translateY_effect&quot;:{&quot;unit&quot;:&quot;px&quot;,&quot;size&quot;:-183,&quot;sizes&quot;:[]},&quot;_transform_translateY_effect_tablet&quot;:{&quot;unit&quot;:&quot;px&quot;,&quot;size&quot;:0,&quot;sizes&quot;:[]},&quot;_transform_translateX_effect&quot;:{&quot;unit&quot;:&quot;px&quot;,&quot;size&quot;:&quot;&quot;,&quot;sizes&quot;:[]},&quot;_transform_translateX_effect_tablet&quot;:{&quot;unit&quot;:&quot;px&quot;,&quot;size&quot;:&quot;&quot;,&quot;sizes&quot;:[]},&quot;_transform_translateX_effect_mobile&quot;:{&quot;unit&quot;:&quot;px&quot;,&quot;size&quot;:&quot;&quot;,&quot;sizes&quot;:[]},&quot;_transform_translateY_effect_mobile&quot;:{&quot;unit&quot;:&quot;px&quot;,&quot;size&quot;:&quot;&quot;,&quot;sizes&quot;:[]}}\" data-widget_type=\"button.default\">\n\t\t\t\t<div class=\"elementor-widget-container\">\n\t\t\t\t\t\t\t\t\t<div class=\"elementor-button-wrapper\">\n\t\t\t\t\t<a class=\"elementor-button elementor-button-link elementor-size-md\" href=\"https:\/\/www.pnr-millevaches.fr\/\" target=\"_blank\">\n\t\t\t\t\t\t<span class=\"elementor-button-content-wrapper\">\n\t\t\t\t\t\t\t\t\t<span class=\"elementor-button-text\">See more<\/span>\n\t\t\t\t\t<\/span>\n\t\t\t\t\t<\/a>\n\t\t\t\t<\/div>\n\t\t\t\t\t\t\t\t<\/div>\n\t\t\t\t<\/div>\n\t\t\t\t<\/div>\n\t\t<div class=\"elementor-element elementor-element-6cab02c e-con-full e-flex e-con e-child\" data-id=\"6cab02c\" data-element_type=\"container\" data-e-type=\"container\">\n\t\t<div class=\"elementor-element elementor-element-ed8c684 e-transform e-flex e-con-boxed e-con e-child\" data-id=\"ed8c684\" data-element_type=\"container\" data-e-type=\"container\" data-settings=\"{&quot;background_background&quot;:&quot;classic&quot;,&quot;_transform_translateY_effect&quot;:{&quot;unit&quot;:&quot;px&quot;,&quot;size&quot;:-476,&quot;sizes&quot;:[]},&quot;_transform_translateY_effect_tablet&quot;:{&quot;unit&quot;:&quot;px&quot;,&quot;size&quot;:0,&quot;sizes&quot;:[]},&quot;_transform_translateX_effect&quot;:{&quot;unit&quot;:&quot;px&quot;,&quot;size&quot;:&quot;&quot;,&quot;sizes&quot;:[]},&quot;_transform_translateX_effect_tablet&quot;:{&quot;unit&quot;:&quot;px&quot;,&quot;size&quot;:&quot;&quot;,&quot;sizes&quot;:[]},&quot;_transform_translateX_effect_mobile&quot;:{&quot;unit&quot;:&quot;px&quot;,&quot;size&quot;:&quot;&quot;,&quot;sizes&quot;:[]},&quot;_transform_translateY_effect_mobile&quot;:{&quot;unit&quot;:&quot;px&quot;,&quot;size&quot;:&quot;&quot;,&quot;sizes&quot;:[]}}\">\n\t\t\t\t\t<div class=\"e-con-inner\">\n\t\t\t\t<div class=\"elementor-element elementor-element-515e451 h3 elementor-widget elementor-widget-heading\" data-id=\"515e451\" data-element_type=\"widget\" data-e-type=\"widget\" data-widget_type=\"heading.default\">\n\t\t\t\t<div class=\"elementor-widget-container\">\n\t\t\t\t\t<p class=\"elementor-heading-title elementor-size-default\">Our favourite:<\/p>\t\t\t\t<\/div>\n\t\t\t\t<\/div>\n\t\t\t\t<div class=\"elementor-element elementor-element-cfa50f6 h4 elementor-widget elementor-widget-heading\" data-id=\"cfa50f6\" data-element_type=\"widget\" data-e-type=\"widget\" data-widget_type=\"heading.default\">\n\t\t\t\t<div class=\"elementor-widget-container\">\n\t\t\t\t\t<h3 class=\"elementor-heading-title elementor-size-default\"><a href=\"https:\/\/www.tourisme-hautecorreze.fr\/sites-naturels\/tourbiere-du-longeyroux-2\/\" target=\"_blank\">Lands &amp; Tourbi\u00e8re du Longeyroux &nbsp;: :<\/a><\/h3>\t\t\t\t<\/div>\n\t\t\t\t<\/div>\n\t\t\t\t<div class=\"elementor-element elementor-element-deff880 elementor-widget elementor-widget-text-editor\" data-id=\"deff880\" data-element_type=\"widget\" data-e-type=\"widget\" data-widget_type=\"text-editor.default\">\n\t\t\t\t<div class=\"elementor-widget-container\">\n\t\t\t\t\t\t\t\t\t<p>A discovery that was a huge surprise for us, an outing for everyone with lively family trails, to more sporty hikes. We were amazed by this vast natural territory in a breathtaking fullness. <\/p>\t\t\t\t\t\t\t\t<\/div>\n\t\t\t\t<\/div>\n\t\t\t\t\t<\/div>\n\t\t\t\t<\/div>\n\t\t\t\t<\/div>\n\t\t\t\t\t<\/div>\n\t\t\t\t<\/div>\n\t\t\t\t<\/div>\n\t\t","protected":false},"excerpt":{"rendered":"<p>Tourism in Corr\u00e8zeNature breaks in Haute-Corr\u00e8ze Want to discover tourism in Corr\u00e8ze? Are you looking for a nature getaway amidst forests, lakes, and charming villages? Head to Haute-Corr\u00e8ze! Our small campsite is the perfect starting point for your nature-filled weekends and holidays, ideal for exploring the Millevaches Regional Natural Park\u2014a recognized International Dark Sky Reserve\u2014and<\/p>\n","protected":false},"author":1,"featured_media":0,"parent":0,"menu_order":3,"comment_status":"closed","ping_status":"closed","template":"alentours.php","meta":{"om_disable_all_campaigns":false,"inline_featured_image":false,"_monsterinsights_skip_tracking":false,"_monsterinsights_sitenote_active":false,"_monsterinsights_sitenote_note":"","_monsterinsights_sitenote_category":0,"_uf_show_specific_survey":0,"_uf_disable_surveys":false,"footnotes":""},"class_list":["post-1636","page","type-page","status-publish","hentry"],"aioseo_notices":[],"_links":{"self":[{"href":"https:\/\/www.campinglessapinsdecorreze.com\/en\/wp-json\/wp\/v2\/pages\/1636","targetHints":{"allow":["GET"]}}],"collection":[{"href":"https:\/\/www.campinglessapinsdecorreze.com\/en\/wp-json\/wp\/v2\/pages"}],"about":[{"href":"https:\/\/www.campinglessapinsdecorreze.com\/en\/wp-json\/wp\/v2\/types\/page"}],"author":[{"embeddable":true,"href":"https:\/\/www.campinglessapinsdecorreze.com\/en\/wp-json\/wp\/v2\/users\/1"}],"replies":[{"embeddable":true,"href":"https:\/\/www.campinglessapinsdecorreze.com\/en\/wp-json\/wp\/v2\/comments?post=1636"}],"version-history":[{"count":120,"href":"https:\/\/www.campinglessapinsdecorreze.com\/en\/wp-json\/wp\/v2\/pages\/1636\/revisions"}],"predecessor-version":[{"id":5466,"href":"https:\/\/www.campinglessapinsdecorreze.com\/en\/wp-json\/wp\/v2\/pages\/1636\/revisions\/5466"}],"wp:attachment":[{"href":"https:\/\/www.campinglessapinsdecorreze.com\/en\/wp-json\/wp\/v2\/media?parent=1636"}],"curies":[{"name":"wp","href":"https:\/\/api.w.org\/{rel}","templated":true}]}}